{"id":6732,"date":"2024-04-04T09:01:01","date_gmt":"2024-04-04T07:01:01","guid":{"rendered":"https:\/\/www.socesfar.es\/junta-directiva-sef\/"},"modified":"2025-12-15T11:11:29","modified_gmt":"2025-12-15T10:11:29","slug":"junta-directiva-sef","status":"publish","type":"page","link":"https:\/\/www.socesfar.es\/en\/junta-directiva-sef\/","title":{"rendered":"Junta Directiva SEF"},"content":{"rendered":"\t\t<div data-elementor-type=\"wp-page\" data-elementor-id=\"6732\" class=\"elementor elementor-6732 elementor-5729\" data-elementor-post-type=\"page\">\n\t\t\t\t\t\t<section class=\"ob-is-breaking-bad elementor-section elementor-top-section elementor-element elementor-element-5db08c4 elementor-section-boxed elementor-section-height-default elementor-section-height-default\" data-id=\"5db08c4\" data-element_type=\"section\" data-e-type=\"section\" data-settings=\"{&quot;background_background&quot;:&quot;classic&quot;,&quot;_ob_bbad_use_it&quot;:&quot;yes&quot;,&quot;_ob_bbad_sssic_use&quot;:&quot;no&quot;,&quot;_ob_glider_is_slider&quot;:&quot;no&quot;}\">\n\t\t\t\t\t\t<div class=\"elementor-container elementor-column-gap-default\">\n\t\t\t\t\t<div class=\"elementor-column elementor-col-100 elementor-top-column elementor-element elementor-element-c9dde39\" data-id=\"c9dde39\" data-element_type=\"column\" data-e-type=\"column\" data-settings=\"{&quot;background_background&quot;:&quot;classic&quot;,&quot;_ob_bbad_is_stalker&quot;:&quot;no&quot;,&quot;_ob_teleporter_use&quot;:false,&quot;_ob_column_hoveranimator&quot;:&quot;no&quot;,&quot;_ob_column_has_pseudo&quot;:&quot;no&quot;}\">\n\t\t\t<div class=\"elementor-widget-wrap elementor-element-populated\">\n\t\t\t\t\t\t\t<\/div>\n\t\t<\/div>\n\t\t\t\t\t<\/div>\n\t\t<\/section>\n\t\t\t\t<section class=\"ob-is-breaking-bad elementor-section elementor-top-section elementor-element elementor-element-cdf55f4 elementor-section-boxed elementor-section-height-default elementor-section-height-default\" data-id=\"cdf55f4\" data-element_type=\"section\" data-e-type=\"section\" data-settings=\"{&quot;background_background&quot;:&quot;classic&quot;,&quot;_ob_bbad_use_it&quot;:&quot;yes&quot;,&quot;_ob_bbad_sssic_use&quot;:&quot;no&quot;,&quot;_ob_glider_is_slider&quot;:&quot;no&quot;}\">\n\t\t\t\t\t\t<div class=\"elementor-container elementor-column-gap-default\">\n\t\t\t\t\t<div class=\"elementor-column elementor-col-100 elementor-top-column elementor-element elementor-element-8674208\" data-id=\"8674208\" data-element_type=\"column\" data-e-type=\"column\" data-settings=\"{&quot;_ob_bbad_is_stalker&quot;:&quot;no&quot;,&quot;_ob_teleporter_use&quot;:false,&quot;_ob_column_hoveranimator&quot;:&quot;no&quot;,&quot;_ob_column_has_pseudo&quot;:&quot;no&quot;}\">\n\t\t\t<div class=\"elementor-widget-wrap elementor-element-populated\">\n\t\t\t\t\t\t<div class=\"elementor-element elementor-element-fe47e55 ob-has-background-overlay elementor-widget elementor-widget-breadcrumbs\" data-id=\"fe47e55\" data-element_type=\"widget\" data-e-type=\"widget\" data-settings=\"{&quot;_ob_perspektive_use&quot;:&quot;no&quot;,&quot;_ob_poopart_use&quot;:&quot;yes&quot;,&quot;_ob_shadough_use&quot;:&quot;no&quot;,&quot;_ob_allow_hoveranimator&quot;:&quot;no&quot;,&quot;_ob_widget_stalker_use&quot;:&quot;no&quot;}\" data-widget_type=\"breadcrumbs.default\">\n\t\t\t\t<div class=\"elementor-widget-container\">\n\t\t\t\t\t<p id=\"breadcrumbs\"><span><span><a href=\"https:\/\/www.socesfar.es\/en\/\">Home<\/a><\/span><\/span><\/p>\t\t\t\t<\/div>\n\t\t\t\t<\/div>\n\t\t\t\t\t<\/div>\n\t\t<\/div>\n\t\t\t\t\t<\/div>\n\t\t<\/section>\n\t\t\t\t<section class=\"ob-is-breaking-bad elementor-section elementor-top-section elementor-element elementor-element-3f27909 elementor-section-boxed elementor-section-height-default elementor-section-height-default\" data-id=\"3f27909\" data-element_type=\"section\" data-e-type=\"section\" data-settings=\"{&quot;_ob_bbad_use_it&quot;:&quot;yes&quot;,&quot;_ob_bbad_sssic_use&quot;:&quot;no&quot;,&quot;_ob_glider_is_slider&quot;:&quot;no&quot;}\">\n\t\t\t\t\t\t<div class=\"elementor-container elementor-column-gap-default\">\n\t\t\t\t\t<div class=\"elementor-column elementor-col-100 elementor-top-column elementor-element elementor-element-7cd99c8\" data-id=\"7cd99c8\" data-element_type=\"column\" data-e-type=\"column\" data-settings=\"{&quot;_ob_bbad_is_stalker&quot;:&quot;no&quot;,&quot;_ob_teleporter_use&quot;:false,&quot;_ob_column_hoveranimator&quot;:&quot;no&quot;,&quot;_ob_column_has_pseudo&quot;:&quot;no&quot;}\">\n\t\t\t<div class=\"elementor-widget-wrap elementor-element-populated\">\n\t\t\t\t\t\t<div class=\"elementor-element elementor-element-e979905 ob-harakiri-inherit ob-has-background-overlay elementor-widget elementor-widget-heading\" data-id=\"e979905\" data-element_type=\"widget\" data-e-type=\"widget\" data-settings=\"{&quot;_ob_use_harakiri&quot;:&quot;yes&quot;,&quot;_ob_harakiri_writing_mode&quot;:&quot;inherit&quot;,&quot;_ob_harakiri_text_clip&quot;:&quot;none&quot;,&quot;_ob_perspektive_use&quot;:&quot;no&quot;,&quot;_ob_poopart_use&quot;:&quot;yes&quot;,&quot;_ob_shadough_use&quot;:&quot;no&quot;,&quot;_ob_allow_hoveranimator&quot;:&quot;no&quot;,&quot;_ob_widget_stalker_use&quot;:&quot;no&quot;}\" data-widget_type=\"heading.default\">\n\t\t\t\t<div class=\"elementor-widget-container\">\n\t\t\t\t\t<h3 class=\"elementor-heading-title elementor-size-default\">Structure and Organization<\/h3>\t\t\t\t<\/div>\n\t\t\t\t<\/div>\n\t\t\t\t<div class=\"elementor-element elementor-element-b64e412 ob-harakiri-inherit ob-has-background-overlay elementor-widget elementor-widget-text-editor\" data-id=\"b64e412\" data-element_type=\"widget\" data-e-type=\"widget\" data-settings=\"{&quot;_ob_use_harakiri&quot;:&quot;yes&quot;,&quot;_ob_harakiri_writing_mode&quot;:&quot;inherit&quot;,&quot;_ob_postman_use&quot;:&quot;no&quot;,&quot;_ob_perspektive_use&quot;:&quot;no&quot;,&quot;_ob_poopart_use&quot;:&quot;yes&quot;,&quot;_ob_shadough_use&quot;:&quot;no&quot;,&quot;_ob_allow_hoveranimator&quot;:&quot;no&quot;,&quot;_ob_widget_stalker_use&quot;:&quot;no&quot;}\" data-widget_type=\"text-editor.default\">\n\t\t\t\t<div class=\"elementor-widget-container\">\n\t\t\t\t\t\t\t\t\t<p>De acuerdo con sus estatutos, la <strong>ASAMBLEA GENERAL<\/strong> es el \u00f3rgano de decisi\u00f3n y expresi\u00f3n de la voluntad colectiva de la Sociedad, y sus acuerdos han de ser cumplidos obligatoriamente por todos los miembros de la SEF.<br \/>Adem\u00e1s, la Sociedad est\u00e1 dirigida por una JUNTA DIRECTIVA, formada por 8 socios, que se eligen cada 4 a\u00f1os, mediante la celebraci\u00f3n de elecciones bianuales conformes a la normativa establecida en los estatutos de la Sociedad. Los miembros de la Junta Directiva distribuyen sus funciones y cargos en: Presidente, Vicepresidente, Secretario, Tesorero y cuatro Vocales.<br \/>Presidente, Vicepresidente, Secretario, Tesorero Junta Directiva de la SEF son miembros natos del <strong>Patronato de la FEA<\/strong>.<\/p>\n\t\t\t\t\t\t\t\t<\/div>\n\t\t\t\t<\/div>\n\t\t\t\t\t<\/div>\n\t\t<\/div>\n\t\t\t\t\t<\/div>\n\t\t<\/section>\n\t\t\t\t<section class=\"ob-is-breaking-bad elementor-section elementor-top-section elementor-element elementor-element-a13ca8c elementor-section-boxed elementor-section-height-default elementor-section-height-default\" data-id=\"a13ca8c\" data-element_type=\"section\" data-e-type=\"section\" data-settings=\"{&quot;background_background&quot;:&quot;classic&quot;,&quot;_ob_bbad_use_it&quot;:&quot;yes&quot;,&quot;_ob_bbad_sssic_use&quot;:&quot;no&quot;,&quot;_ob_glider_is_slider&quot;:&quot;no&quot;}\">\n\t\t\t\t\t\t<div class=\"elementor-container elementor-column-gap-default\">\n\t\t\t\t\t<div class=\"elementor-column elementor-col-100 elementor-top-column elementor-element elementor-element-f61dd7c\" data-id=\"f61dd7c\" data-element_type=\"column\" data-e-type=\"column\" data-settings=\"{&quot;_ob_bbad_is_stalker&quot;:&quot;no&quot;,&quot;_ob_column_hoveranimator&quot;:&quot;no&quot;,&quot;_ob_column_has_pseudo&quot;:&quot;no&quot;}\">\n\t\t\t<div class=\"elementor-widget-wrap elementor-element-populated\">\n\t\t\t\t\t\t<section class=\"ob-is-breaking-bad ob-bb-inner elementor-section elementor-inner-section elementor-element elementor-element-ed7f0e1 elementor-section-boxed elementor-section-height-default elementor-section-height-default\" data-id=\"ed7f0e1\" data-element_type=\"section\" data-e-type=\"section\" data-settings=\"{&quot;_ob_bbad_use_it&quot;:&quot;yes&quot;,&quot;_ob_bbad_sssic_use&quot;:&quot;no&quot;,&quot;_ob_glider_is_slider&quot;:&quot;no&quot;}\">\n\t\t\t\t\t\t<div class=\"elementor-container elementor-column-gap-default\">\n\t\t\t\t\t<div class=\"elementor-column elementor-col-20 elementor-inner-column elementor-element elementor-element-208751c\" data-id=\"208751c\" data-element_type=\"column\" data-e-type=\"column\" data-settings=\"{&quot;_ob_bbad_is_stalker&quot;:&quot;no&quot;,&quot;_ob_teleporter_use&quot;:false,&quot;_ob_column_hoveranimator&quot;:&quot;no&quot;,&quot;_ob_column_has_pseudo&quot;:&quot;no&quot;}\">\n\t\t\t<div class=\"elementor-widget-wrap elementor-element-populated\">\n\t\t\t\t\t\t<div class=\"elementor-element elementor-element-4f794c2 ob-has-background-overlay elementor-widget elementor-widget-image\" data-id=\"4f794c2\" data-element_type=\"widget\" data-e-type=\"widget\" data-settings=\"{&quot;_ob_photomorph_use&quot;:&quot;no&quot;,&quot;_ob_perspektive_use&quot;:&quot;no&quot;,&quot;_ob_poopart_use&quot;:&quot;yes&quot;,&quot;_ob_shadough_use&quot;:&quot;no&quot;,&quot;_ob_allow_hoveranimator&quot;:&quot;no&quot;,&quot;_ob_widget_stalker_use&quot;:&quot;no&quot;}\" data-widget_type=\"image.default\">\n\t\t\t\t<div class=\"elementor-widget-container\">\n\t\t\t\t\t\t\t\t\t\t\t\t\t\t\t<img fetchpriority=\"high\" decoding=\"async\" width=\"300\" height=\"300\" src=\"https:\/\/www.socesfar.es\/wp-content\/uploads\/2023\/10\/Antonio-Rodriguez-Artalejo.jpg\" class=\"attachment-large size-large wp-image-5753\" alt=\"\" srcset=\"https:\/\/www.socesfar.es\/wp-content\/uploads\/2023\/10\/Antonio-Rodriguez-Artalejo.jpg 300w, https:\/\/www.socesfar.es\/wp-content\/uploads\/2023\/10\/Antonio-Rodriguez-Artalejo-150x150.jpg 150w\" sizes=\"(max-width: 300px) 100vw, 300px\" \/>\t\t\t\t\t\t\t\t\t\t\t\t\t\t\t<\/div>\n\t\t\t\t<\/div>\n\t\t\t\t<div class=\"elementor-element elementor-element-69e4772 ob-harakiri-inherit ob-has-background-overlay elementor-widget elementor-widget-heading\" data-id=\"69e4772\" data-element_type=\"widget\" data-e-type=\"widget\" data-settings=\"{&quot;_ob_use_harakiri&quot;:&quot;yes&quot;,&quot;_ob_harakiri_writing_mode&quot;:&quot;inherit&quot;,&quot;_ob_harakiri_text_clip&quot;:&quot;none&quot;,&quot;_ob_perspektive_use&quot;:&quot;no&quot;,&quot;_ob_poopart_use&quot;:&quot;yes&quot;,&quot;_ob_shadough_use&quot;:&quot;no&quot;,&quot;_ob_allow_hoveranimator&quot;:&quot;no&quot;,&quot;_ob_widget_stalker_use&quot;:&quot;no&quot;}\" data-widget_type=\"heading.default\">\n\t\t\t\t<div class=\"elementor-widget-container\">\n\t\t\t\t\t<h5 class=\"elementor-heading-title elementor-size-default\">Antonio Rodr\u00edguez Artalejo<\/h5>\t\t\t\t<\/div>\n\t\t\t\t<\/div>\n\t\t\t\t<div class=\"elementor-element elementor-element-9125a06 ob-harakiri-inherit ob-has-background-overlay elementor-widget elementor-widget-heading\" data-id=\"9125a06\" data-element_type=\"widget\" data-e-type=\"widget\" data-settings=\"{&quot;_ob_use_harakiri&quot;:&quot;yes&quot;,&quot;_ob_harakiri_writing_mode&quot;:&quot;inherit&quot;,&quot;_ob_harakiri_text_clip&quot;:&quot;none&quot;,&quot;_ob_perspektive_use&quot;:&quot;no&quot;,&quot;_ob_poopart_use&quot;:&quot;yes&quot;,&quot;_ob_shadough_use&quot;:&quot;no&quot;,&quot;_ob_allow_hoveranimator&quot;:&quot;no&quot;,&quot;_ob_widget_stalker_use&quot;:&quot;no&quot;}\" data-widget_type=\"heading.default\">\n\t\t\t\t<div class=\"elementor-widget-container\">\n\t\t\t\t\t<h5 class=\"elementor-heading-title elementor-size-default\">President<\/h5>\t\t\t\t<\/div>\n\t\t\t\t<\/div>\n\t\t\t\t<div class=\"elementor-element elementor-element-ca35a78 ob-harakiri-inherit ob-has-background-overlay elementor-widget elementor-widget-text-editor\" data-id=\"ca35a78\" data-element_type=\"widget\" data-e-type=\"widget\" data-settings=\"{&quot;_ob_use_harakiri&quot;:&quot;yes&quot;,&quot;_ob_harakiri_writing_mode&quot;:&quot;inherit&quot;,&quot;_ob_postman_use&quot;:&quot;no&quot;,&quot;_ob_perspektive_use&quot;:&quot;no&quot;,&quot;_ob_poopart_use&quot;:&quot;yes&quot;,&quot;_ob_shadough_use&quot;:&quot;no&quot;,&quot;_ob_allow_hoveranimator&quot;:&quot;no&quot;,&quot;_ob_widget_stalker_use&quot;:&quot;no&quot;}\" data-widget_type=\"text-editor.default\">\n\t\t\t\t<div class=\"elementor-widget-container\">\n\t\t\t\t\t\t\t\t\t<p>Dpto. de Farmacolog\u00eda y Toxicolog\u00eda<br \/>Facultad de Veterinaria<br \/>Universidad Complutense de Madrid<br \/>Avda. Puerta de Hierro s\/n<br \/>28040 &#8211; MADRID<\/p>\n<h6><span id=\"cloak40488\"><a href=\"mailto:artalejo@ucm.es\">artalejo@ucm.es<\/a><\/span><\/h6>\n\t\t\t\t\t\t\t\t<\/div>\n\t\t\t\t<\/div>\n\t\t\t\t\t<\/div>\n\t\t<\/div>\n\t\t\t\t<div class=\"elementor-column elementor-col-20 elementor-inner-column elementor-element elementor-element-b9b8691\" data-id=\"b9b8691\" data-element_type=\"column\" data-e-type=\"column\" data-settings=\"{&quot;_ob_bbad_is_stalker&quot;:&quot;no&quot;,&quot;_ob_teleporter_use&quot;:false,&quot;_ob_column_hoveranimator&quot;:&quot;no&quot;,&quot;_ob_column_has_pseudo&quot;:&quot;no&quot;}\">\n\t\t\t<div class=\"elementor-widget-wrap elementor-element-populated\">\n\t\t\t\t\t\t<div class=\"elementor-element elementor-element-7a1f8b4 ob-has-background-overlay elementor-widget elementor-widget-image\" data-id=\"7a1f8b4\" data-element_type=\"widget\" data-e-type=\"widget\" data-settings=\"{&quot;_ob_photomorph_use&quot;:&quot;no&quot;,&quot;_ob_perspektive_use&quot;:&quot;no&quot;,&quot;_ob_poopart_use&quot;:&quot;yes&quot;,&quot;_ob_shadough_use&quot;:&quot;no&quot;,&quot;_ob_allow_hoveranimator&quot;:&quot;no&quot;,&quot;_ob_widget_stalker_use&quot;:&quot;no&quot;}\" data-widget_type=\"image.default\">\n\t\t\t\t<div class=\"elementor-widget-container\">\n\t\t\t\t\t\t\t\t\t\t\t\t\t\t\t<img decoding=\"async\" width=\"300\" height=\"300\" src=\"https:\/\/www.socesfar.es\/wp-content\/uploads\/2023\/10\/Ricardo-Borges.jpg\" class=\"attachment-large size-large wp-image-5761\" alt=\"\" srcset=\"https:\/\/www.socesfar.es\/wp-content\/uploads\/2023\/10\/Ricardo-Borges.jpg 300w, https:\/\/www.socesfar.es\/wp-content\/uploads\/2023\/10\/Ricardo-Borges-150x150.jpg 150w\" sizes=\"(max-width: 300px) 100vw, 300px\" \/>\t\t\t\t\t\t\t\t\t\t\t\t\t\t\t<\/div>\n\t\t\t\t<\/div>\n\t\t\t\t<div class=\"elementor-element elementor-element-2f715d8 ob-harakiri-inherit ob-has-background-overlay elementor-widget elementor-widget-heading\" data-id=\"2f715d8\" data-element_type=\"widget\" data-e-type=\"widget\" data-settings=\"{&quot;_ob_use_harakiri&quot;:&quot;yes&quot;,&quot;_ob_harakiri_writing_mode&quot;:&quot;inherit&quot;,&quot;_ob_harakiri_text_clip&quot;:&quot;none&quot;,&quot;_ob_perspektive_use&quot;:&quot;no&quot;,&quot;_ob_poopart_use&quot;:&quot;yes&quot;,&quot;_ob_shadough_use&quot;:&quot;no&quot;,&quot;_ob_allow_hoveranimator&quot;:&quot;no&quot;,&quot;_ob_widget_stalker_use&quot;:&quot;no&quot;}\" data-widget_type=\"heading.default\">\n\t\t\t\t<div class=\"elementor-widget-container\">\n\t\t\t\t\t<h5 class=\"elementor-heading-title elementor-size-default\">Ricardo Borges Jurado<\/h5>\t\t\t\t<\/div>\n\t\t\t\t<\/div>\n\t\t\t\t<div class=\"elementor-element elementor-element-16691e4 ob-harakiri-inherit ob-has-background-overlay elementor-widget elementor-widget-heading\" data-id=\"16691e4\" data-element_type=\"widget\" data-e-type=\"widget\" data-settings=\"{&quot;_ob_use_harakiri&quot;:&quot;yes&quot;,&quot;_ob_harakiri_writing_mode&quot;:&quot;inherit&quot;,&quot;_ob_harakiri_text_clip&quot;:&quot;none&quot;,&quot;_ob_perspektive_use&quot;:&quot;no&quot;,&quot;_ob_poopart_use&quot;:&quot;yes&quot;,&quot;_ob_shadough_use&quot;:&quot;no&quot;,&quot;_ob_allow_hoveranimator&quot;:&quot;no&quot;,&quot;_ob_widget_stalker_use&quot;:&quot;no&quot;}\" data-widget_type=\"heading.default\">\n\t\t\t\t<div class=\"elementor-widget-container\">\n\t\t\t\t\t<h5 class=\"elementor-heading-title elementor-size-default\">VicePresident<\/h5>\t\t\t\t<\/div>\n\t\t\t\t<\/div>\n\t\t\t\t<div class=\"elementor-element elementor-element-afa6d11 ob-harakiri-inherit ob-has-background-overlay elementor-widget elementor-widget-text-editor\" data-id=\"afa6d11\" data-element_type=\"widget\" data-e-type=\"widget\" data-settings=\"{&quot;_ob_use_harakiri&quot;:&quot;yes&quot;,&quot;_ob_harakiri_writing_mode&quot;:&quot;inherit&quot;,&quot;_ob_postman_use&quot;:&quot;no&quot;,&quot;_ob_perspektive_use&quot;:&quot;no&quot;,&quot;_ob_poopart_use&quot;:&quot;yes&quot;,&quot;_ob_shadough_use&quot;:&quot;no&quot;,&quot;_ob_allow_hoveranimator&quot;:&quot;no&quot;,&quot;_ob_widget_stalker_use&quot;:&quot;no&quot;}\" data-widget_type=\"text-editor.default\">\n\t\t\t\t<div class=\"elementor-widget-container\">\n\t\t\t\t\t\t\t\t\t<p>Unidad de Farmacolog\u00eda.<br \/>Depto. de Medicina F\u00edsica y Farmacolog\u00eda. <br \/>Facultad de Medicina. <br \/>Universidad de La Laguna<\/p>\n<p><a href=\"mailto:rborges@ull.edu.es\"><strong>rborges@ull.edu.es<\/strong><\/a><\/p>\n<h6>\u00a0<\/h6>\n\t\t\t\t\t\t\t\t<\/div>\n\t\t\t\t<\/div>\n\t\t\t\t\t<\/div>\n\t\t<\/div>\n\t\t\t\t<div class=\"elementor-column elementor-col-20 elementor-inner-column elementor-element elementor-element-cf6478a\" data-id=\"cf6478a\" data-element_type=\"column\" data-e-type=\"column\" data-settings=\"{&quot;_ob_bbad_is_stalker&quot;:&quot;no&quot;,&quot;_ob_teleporter_use&quot;:false,&quot;_ob_column_hoveranimator&quot;:&quot;no&quot;,&quot;_ob_column_has_pseudo&quot;:&quot;no&quot;}\">\n\t\t\t<div class=\"elementor-widget-wrap elementor-element-populated\">\n\t\t\t\t\t\t<div class=\"elementor-element elementor-element-b592948 ob-has-background-overlay elementor-widget elementor-widget-image\" data-id=\"b592948\" data-element_type=\"widget\" data-e-type=\"widget\" data-settings=\"{&quot;_ob_photomorph_use&quot;:&quot;no&quot;,&quot;_ob_perspektive_use&quot;:&quot;no&quot;,&quot;_ob_poopart_use&quot;:&quot;yes&quot;,&quot;_ob_shadough_use&quot;:&quot;no&quot;,&quot;_ob_allow_hoveranimator&quot;:&quot;no&quot;,&quot;_ob_widget_stalker_use&quot;:&quot;no&quot;}\" data-widget_type=\"image.default\">\n\t\t\t\t<div class=\"elementor-widget-container\">\n\t\t\t\t\t\t\t\t\t\t\t\t\t\t\t<img decoding=\"async\" width=\"300\" height=\"300\" src=\"https:\/\/www.socesfar.es\/wp-content\/uploads\/2023\/10\/Lucia-Nunez.jpg\" class=\"attachment-large size-large wp-image-5759\" alt=\"\" srcset=\"https:\/\/www.socesfar.es\/wp-content\/uploads\/2023\/10\/Lucia-Nunez.jpg 300w, https:\/\/www.socesfar.es\/wp-content\/uploads\/2023\/10\/Lucia-Nunez-150x150.jpg 150w\" sizes=\"(max-width: 300px) 100vw, 300px\" \/>\t\t\t\t\t\t\t\t\t\t\t\t\t\t\t<\/div>\n\t\t\t\t<\/div>\n\t\t\t\t<div class=\"elementor-element elementor-element-7e8cab3 ob-harakiri-inherit ob-has-background-overlay elementor-widget elementor-widget-heading\" data-id=\"7e8cab3\" data-element_type=\"widget\" data-e-type=\"widget\" data-settings=\"{&quot;_ob_use_harakiri&quot;:&quot;yes&quot;,&quot;_ob_harakiri_writing_mode&quot;:&quot;inherit&quot;,&quot;_ob_harakiri_text_clip&quot;:&quot;none&quot;,&quot;_ob_perspektive_use&quot;:&quot;no&quot;,&quot;_ob_poopart_use&quot;:&quot;yes&quot;,&quot;_ob_shadough_use&quot;:&quot;no&quot;,&quot;_ob_allow_hoveranimator&quot;:&quot;no&quot;,&quot;_ob_widget_stalker_use&quot;:&quot;no&quot;}\" data-widget_type=\"heading.default\">\n\t\t\t\t<div class=\"elementor-widget-container\">\n\t\t\t\t\t<h5 class=\"elementor-heading-title elementor-size-default\">Luc\u00eda N\u00fa\u00f1ez Fern\u00e1ndez<\/h5>\t\t\t\t<\/div>\n\t\t\t\t<\/div>\n\t\t\t\t<div class=\"elementor-element elementor-element-84cd1da ob-harakiri-inherit ob-has-background-overlay elementor-widget elementor-widget-heading\" data-id=\"84cd1da\" data-element_type=\"widget\" data-e-type=\"widget\" data-settings=\"{&quot;_ob_use_harakiri&quot;:&quot;yes&quot;,&quot;_ob_harakiri_writing_mode&quot;:&quot;inherit&quot;,&quot;_ob_harakiri_text_clip&quot;:&quot;none&quot;,&quot;_ob_perspektive_use&quot;:&quot;no&quot;,&quot;_ob_poopart_use&quot;:&quot;yes&quot;,&quot;_ob_shadough_use&quot;:&quot;no&quot;,&quot;_ob_allow_hoveranimator&quot;:&quot;no&quot;,&quot;_ob_widget_stalker_use&quot;:&quot;no&quot;}\" data-widget_type=\"heading.default\">\n\t\t\t\t<div class=\"elementor-widget-container\">\n\t\t\t\t\t<h5 class=\"elementor-heading-title elementor-size-default\">Secretary<\/h5>\t\t\t\t<\/div>\n\t\t\t\t<\/div>\n\t\t\t\t<div class=\"elementor-element elementor-element-6485772 ob-harakiri-inherit ob-has-background-overlay elementor-widget elementor-widget-text-editor\" data-id=\"6485772\" data-element_type=\"widget\" data-e-type=\"widget\" data-settings=\"{&quot;_ob_use_harakiri&quot;:&quot;yes&quot;,&quot;_ob_harakiri_writing_mode&quot;:&quot;inherit&quot;,&quot;_ob_postman_use&quot;:&quot;no&quot;,&quot;_ob_perspektive_use&quot;:&quot;no&quot;,&quot;_ob_poopart_use&quot;:&quot;yes&quot;,&quot;_ob_shadough_use&quot;:&quot;no&quot;,&quot;_ob_allow_hoveranimator&quot;:&quot;no&quot;,&quot;_ob_widget_stalker_use&quot;:&quot;no&quot;}\" data-widget_type=\"text-editor.default\">\n\t\t\t\t<div class=\"elementor-widget-container\">\n\t\t\t\t\t\t\t\t\t<p>Departamento de Ciencias de la Salud. <br \/>Universidade da Coru\u00f1a<br \/>Grupo de investigaci\u00f3n Cardiovascular (GRINCAR). Instituto de Investigaciones Biom\u00e9dicas de A Coru\u00f1a (INIBIC)<br \/>As Xubias de Arriba, 84, <br \/>15006 A Coru\u00f1a<\/p>\n<h6><a href=\"mailto:pallas@ub.edu\">lucia.nunez@udc.es<\/a><\/h6>\n\t\t\t\t\t\t\t\t<\/div>\n\t\t\t\t<\/div>\n\t\t\t\t\t<\/div>\n\t\t<\/div>\n\t\t\t\t<div class=\"elementor-column elementor-col-20 elementor-inner-column elementor-element elementor-element-34ab809\" data-id=\"34ab809\" data-element_type=\"column\" data-e-type=\"column\" data-settings=\"{&quot;_ob_bbad_is_stalker&quot;:&quot;no&quot;,&quot;_ob_teleporter_use&quot;:false,&quot;_ob_column_hoveranimator&quot;:&quot;no&quot;,&quot;_ob_column_has_pseudo&quot;:&quot;no&quot;}\">\n\t\t\t<div class=\"elementor-widget-wrap elementor-element-populated\">\n\t\t\t\t\t\t<div class=\"elementor-element elementor-element-40abcf8 ob-has-background-overlay elementor-widget elementor-widget-image\" data-id=\"40abcf8\" data-element_type=\"widget\" data-e-type=\"widget\" data-settings=\"{&quot;_ob_photomorph_use&quot;:&quot;no&quot;,&quot;_ob_perspektive_use&quot;:&quot;no&quot;,&quot;_ob_poopart_use&quot;:&quot;yes&quot;,&quot;_ob_shadough_use&quot;:&quot;no&quot;,&quot;_ob_allow_hoveranimator&quot;:&quot;no&quot;,&quot;_ob_widget_stalker_use&quot;:&quot;no&quot;}\" data-widget_type=\"image.default\">\n\t\t\t\t<div class=\"elementor-widget-container\">\n\t\t\t\t\t\t\t\t\t\t\t\t\t\t\t<img loading=\"lazy\" decoding=\"async\" width=\"300\" height=\"300\" src=\"https:\/\/www.socesfar.es\/wp-content\/uploads\/2025\/01\/Dolores_Vina.webp\" class=\"attachment-medium size-medium wp-image-7762\" alt=\"D\u00f1a. Mar\u00eda Dolores Vi\u00f1a Castelao\" srcset=\"https:\/\/www.socesfar.es\/wp-content\/uploads\/2025\/01\/Dolores_Vina.webp 300w, https:\/\/www.socesfar.es\/wp-content\/uploads\/2025\/01\/Dolores_Vina-150x150.webp 150w\" sizes=\"(max-width: 300px) 100vw, 300px\" \/>\t\t\t\t\t\t\t\t\t\t\t\t\t\t\t<\/div>\n\t\t\t\t<\/div>\n\t\t\t\t<div class=\"elementor-element elementor-element-41c71dd ob-harakiri-inherit ob-has-background-overlay elementor-widget elementor-widget-heading\" data-id=\"41c71dd\" data-element_type=\"widget\" data-e-type=\"widget\" data-settings=\"{&quot;_ob_use_harakiri&quot;:&quot;yes&quot;,&quot;_ob_harakiri_writing_mode&quot;:&quot;inherit&quot;,&quot;_ob_harakiri_text_clip&quot;:&quot;none&quot;,&quot;_ob_perspektive_use&quot;:&quot;no&quot;,&quot;_ob_poopart_use&quot;:&quot;yes&quot;,&quot;_ob_shadough_use&quot;:&quot;no&quot;,&quot;_ob_allow_hoveranimator&quot;:&quot;no&quot;,&quot;_ob_widget_stalker_use&quot;:&quot;no&quot;}\" data-widget_type=\"heading.default\">\n\t\t\t\t<div class=\"elementor-widget-container\">\n\t\t\t\t\t<h5 class=\"elementor-heading-title elementor-size-default\">Jos\u00e9 Manuel Brea Floriani<\/h5>\t\t\t\t<\/div>\n\t\t\t\t<\/div>\n\t\t\t\t<div class=\"elementor-element elementor-element-c0f15c4 ob-harakiri-inherit ob-has-background-overlay elementor-widget elementor-widget-heading\" data-id=\"c0f15c4\" data-element_type=\"widget\" data-e-type=\"widget\" data-settings=\"{&quot;_ob_use_harakiri&quot;:&quot;yes&quot;,&quot;_ob_harakiri_writing_mode&quot;:&quot;inherit&quot;,&quot;_ob_harakiri_text_clip&quot;:&quot;none&quot;,&quot;_ob_perspektive_use&quot;:&quot;no&quot;,&quot;_ob_poopart_use&quot;:&quot;yes&quot;,&quot;_ob_shadough_use&quot;:&quot;no&quot;,&quot;_ob_allow_hoveranimator&quot;:&quot;no&quot;,&quot;_ob_widget_stalker_use&quot;:&quot;no&quot;}\" data-widget_type=\"heading.default\">\n\t\t\t\t<div class=\"elementor-widget-container\">\n\t\t\t\t\t<h5 class=\"elementor-heading-title elementor-size-default\">Treasurer<\/h5>\t\t\t\t<\/div>\n\t\t\t\t<\/div>\n\t\t\t\t<div class=\"elementor-element elementor-element-92a2377 ob-harakiri-inherit ob-has-background-overlay elementor-widget elementor-widget-text-editor\" data-id=\"92a2377\" data-element_type=\"widget\" data-e-type=\"widget\" data-settings=\"{&quot;_ob_use_harakiri&quot;:&quot;yes&quot;,&quot;_ob_harakiri_writing_mode&quot;:&quot;inherit&quot;,&quot;_ob_postman_use&quot;:&quot;no&quot;,&quot;_ob_perspektive_use&quot;:&quot;no&quot;,&quot;_ob_poopart_use&quot;:&quot;yes&quot;,&quot;_ob_shadough_use&quot;:&quot;no&quot;,&quot;_ob_allow_hoveranimator&quot;:&quot;no&quot;,&quot;_ob_widget_stalker_use&quot;:&quot;no&quot;}\" data-widget_type=\"text-editor.default\">\n\t\t\t\t<div class=\"elementor-widget-container\">\n\t\t\t\t\t\t\t\t\t<p>Dpto. de Farmacolog\u00eda, Farmacia y Tecnolog\u00eda Farmac\u00e9utica<br \/>\nCentro de Investigaci\u00f3n en Medicina Molecular y Enfermedades Cr\u00f3nicas<br \/>\nUniversidad de Santiago de Compostela.<br \/>\nAv. de Barcelona s\/n<br \/>\n15706 \u2013 Santiago de Compostela<\/p>\n<p><a href=\"mailto:mdolores.vina@usc.es\"><strong>mdolores.vina@usc.es<\/strong><\/a><\/p>\n<h6><\/h6>\n\t\t\t\t\t\t\t\t<\/div>\n\t\t\t\t<\/div>\n\t\t\t\t\t<\/div>\n\t\t<\/div>\n\t\t\t\t<div class=\"elementor-column elementor-col-20 elementor-inner-column elementor-element elementor-element-60a5ef9\" data-id=\"60a5ef9\" data-element_type=\"column\" data-e-type=\"column\" data-settings=\"{&quot;_ob_bbad_is_stalker&quot;:&quot;no&quot;,&quot;_ob_teleporter_use&quot;:false,&quot;_ob_column_hoveranimator&quot;:&quot;no&quot;,&quot;_ob_column_has_pseudo&quot;:&quot;no&quot;}\">\n\t\t\t<div class=\"elementor-widget-wrap elementor-element-populated\">\n\t\t\t\t\t\t\t<\/div>\n\t\t<\/div>\n\t\t\t\t\t<\/div>\n\t\t<\/section>\n\t\t\t\t\t<\/div>\n\t\t<\/div>\n\t\t\t\t\t<\/div>\n\t\t<\/section>\n\t\t\t\t<section class=\"ob-is-breaking-bad elementor-section elementor-top-section elementor-element elementor-element-50b900c elementor-section-boxed elementor-section-height-default elementor-section-height-default\" data-id=\"50b900c\" data-element_type=\"section\" data-e-type=\"section\" data-settings=\"{&quot;background_background&quot;:&quot;classic&quot;,&quot;_ob_bbad_use_it&quot;:&quot;yes&quot;,&quot;_ob_bbad_sssic_use&quot;:&quot;no&quot;,&quot;_ob_glider_is_slider&quot;:&quot;no&quot;}\">\n\t\t\t\t\t\t<div class=\"elementor-container elementor-column-gap-default\">\n\t\t\t\t\t<div class=\"elementor-column elementor-col-100 elementor-top-column elementor-element elementor-element-03fe725\" data-id=\"03fe725\" data-element_type=\"column\" data-e-type=\"column\" data-settings=\"{&quot;_ob_bbad_is_stalker&quot;:&quot;no&quot;,&quot;_ob_column_hoveranimator&quot;:&quot;no&quot;,&quot;_ob_column_has_pseudo&quot;:&quot;no&quot;}\">\n\t\t\t<div class=\"elementor-widget-wrap elementor-element-populated\">\n\t\t\t\t\t\t<section class=\"ob-is-breaking-bad ob-bb-inner elementor-section elementor-inner-section elementor-element elementor-element-523ea73 elementor-section-boxed elementor-section-height-default elementor-section-height-default\" data-id=\"523ea73\" data-element_type=\"section\" data-e-type=\"section\" data-settings=\"{&quot;_ob_bbad_use_it&quot;:&quot;yes&quot;,&quot;_ob_bbad_sssic_use&quot;:&quot;no&quot;,&quot;_ob_glider_is_slider&quot;:&quot;no&quot;}\">\n\t\t\t\t\t\t<div class=\"elementor-container elementor-column-gap-default\">\n\t\t\t\t\t<div class=\"elementor-column elementor-col-20 elementor-inner-column elementor-element elementor-element-acdefe8\" data-id=\"acdefe8\" data-element_type=\"column\" data-e-type=\"column\" data-settings=\"{&quot;_ob_bbad_is_stalker&quot;:&quot;no&quot;,&quot;_ob_teleporter_use&quot;:false,&quot;_ob_column_hoveranimator&quot;:&quot;no&quot;,&quot;_ob_column_has_pseudo&quot;:&quot;no&quot;}\">\n\t\t\t<div class=\"elementor-widget-wrap elementor-element-populated\">\n\t\t\t\t\t\t<div class=\"elementor-element elementor-element-58b2dab ob-has-background-overlay elementor-widget elementor-widget-image\" data-id=\"58b2dab\" data-element_type=\"widget\" data-e-type=\"widget\" data-settings=\"{&quot;_ob_photomorph_use&quot;:&quot;no&quot;,&quot;_ob_perspektive_use&quot;:&quot;no&quot;,&quot;_ob_poopart_use&quot;:&quot;yes&quot;,&quot;_ob_shadough_use&quot;:&quot;no&quot;,&quot;_ob_allow_hoveranimator&quot;:&quot;no&quot;,&quot;_ob_widget_stalker_use&quot;:&quot;no&quot;}\" data-widget_type=\"image.default\">\n\t\t\t\t<div class=\"elementor-widget-container\">\n\t\t\t\t\t\t\t\t\t\t\t\t\t\t\t<img loading=\"lazy\" decoding=\"async\" width=\"300\" height=\"300\" src=\"https:\/\/www.socesfar.es\/wp-content\/uploads\/2023\/10\/Beatriz-Artalejo-2.jpg\" class=\"attachment-large size-large wp-image-5778\" alt=\"\" srcset=\"https:\/\/www.socesfar.es\/wp-content\/uploads\/2023\/10\/Beatriz-Artalejo-2.jpg 300w, https:\/\/www.socesfar.es\/wp-content\/uploads\/2023\/10\/Beatriz-Artalejo-2-150x150.jpg 150w\" sizes=\"(max-width: 300px) 100vw, 300px\" \/>\t\t\t\t\t\t\t\t\t\t\t\t\t\t\t<\/div>\n\t\t\t\t<\/div>\n\t\t\t\t<div class=\"elementor-element elementor-element-14a12f2 ob-harakiri-inherit ob-has-background-overlay elementor-widget elementor-widget-heading\" data-id=\"14a12f2\" data-element_type=\"widget\" data-e-type=\"widget\" data-settings=\"{&quot;_ob_use_harakiri&quot;:&quot;yes&quot;,&quot;_ob_harakiri_writing_mode&quot;:&quot;inherit&quot;,&quot;_ob_harakiri_text_clip&quot;:&quot;none&quot;,&quot;_ob_perspektive_use&quot;:&quot;no&quot;,&quot;_ob_poopart_use&quot;:&quot;yes&quot;,&quot;_ob_shadough_use&quot;:&quot;no&quot;,&quot;_ob_allow_hoveranimator&quot;:&quot;no&quot;,&quot;_ob_widget_stalker_use&quot;:&quot;no&quot;}\" data-widget_type=\"heading.default\">\n\t\t\t\t<div class=\"elementor-widget-container\">\n\t\t\t\t\t<h5 class=\"elementor-heading-title elementor-size-default\">Beatriz Artalejo Ortega.<\/h5>\t\t\t\t<\/div>\n\t\t\t\t<\/div>\n\t\t\t\t<div class=\"elementor-element elementor-element-98dc5de ob-harakiri-inherit ob-has-background-overlay elementor-widget elementor-widget-heading\" data-id=\"98dc5de\" data-element_type=\"widget\" data-e-type=\"widget\" data-settings=\"{&quot;_ob_use_harakiri&quot;:&quot;yes&quot;,&quot;_ob_harakiri_writing_mode&quot;:&quot;inherit&quot;,&quot;_ob_harakiri_text_clip&quot;:&quot;none&quot;,&quot;_ob_perspektive_use&quot;:&quot;no&quot;,&quot;_ob_poopart_use&quot;:&quot;yes&quot;,&quot;_ob_shadough_use&quot;:&quot;no&quot;,&quot;_ob_allow_hoveranimator&quot;:&quot;no&quot;,&quot;_ob_widget_stalker_use&quot;:&quot;no&quot;}\" data-widget_type=\"heading.default\">\n\t\t\t\t<div class=\"elementor-widget-container\">\n\t\t\t\t\t<h5 class=\"elementor-heading-title elementor-size-default\">Vocal \/ Member<\/h5>\t\t\t\t<\/div>\n\t\t\t\t<\/div>\n\t\t\t\t<div class=\"elementor-element elementor-element-eef8969 ob-harakiri-inherit ob-has-background-overlay elementor-widget elementor-widget-text-editor\" data-id=\"eef8969\" data-element_type=\"widget\" data-e-type=\"widget\" data-settings=\"{&quot;_ob_use_harakiri&quot;:&quot;yes&quot;,&quot;_ob_harakiri_writing_mode&quot;:&quot;inherit&quot;,&quot;_ob_postman_use&quot;:&quot;no&quot;,&quot;_ob_perspektive_use&quot;:&quot;no&quot;,&quot;_ob_poopart_use&quot;:&quot;yes&quot;,&quot;_ob_shadough_use&quot;:&quot;no&quot;,&quot;_ob_allow_hoveranimator&quot;:&quot;no&quot;,&quot;_ob_widget_stalker_use&quot;:&quot;no&quot;}\" data-widget_type=\"text-editor.default\">\n\t\t\t\t<div class=\"elementor-widget-container\">\n\t\t\t\t\t\t\t\t\t<p>Grupo de Qu\u00edmica Farmac\u00e9utica<br \/>Instituto Qu\u00edmico de Sarri\u00e1<br \/>V\u00eda Augusta 390<br \/>08017 Barcelona<\/p>\n<p><a href=\"mailto:beatriz.artalejo@iqs.edu\"><strong>beatriz.artalejo@iqs.edu<\/strong><\/a><\/p>\n\t\t\t\t\t\t\t\t<\/div>\n\t\t\t\t<\/div>\n\t\t\t\t\t<\/div>\n\t\t<\/div>\n\t\t\t\t<div class=\"elementor-column elementor-col-20 elementor-inner-column elementor-element elementor-element-26e9f7c\" data-id=\"26e9f7c\" data-element_type=\"column\" data-e-type=\"column\" data-settings=\"{&quot;_ob_bbad_is_stalker&quot;:&quot;no&quot;,&quot;_ob_teleporter_use&quot;:false,&quot;_ob_column_hoveranimator&quot;:&quot;no&quot;,&quot;_ob_column_has_pseudo&quot;:&quot;no&quot;}\">\n\t\t\t<div class=\"elementor-widget-wrap elementor-element-populated\">\n\t\t\t\t\t\t<div class=\"elementor-element elementor-element-be9ab7b ob-has-background-overlay elementor-widget elementor-widget-image\" data-id=\"be9ab7b\" data-element_type=\"widget\" data-e-type=\"widget\" data-settings=\"{&quot;_ob_photomorph_use&quot;:&quot;no&quot;,&quot;_ob_perspektive_use&quot;:&quot;no&quot;,&quot;_ob_poopart_use&quot;:&quot;yes&quot;,&quot;_ob_shadough_use&quot;:&quot;no&quot;,&quot;_ob_allow_hoveranimator&quot;:&quot;no&quot;,&quot;_ob_widget_stalker_use&quot;:&quot;no&quot;}\" data-widget_type=\"image.default\">\n\t\t\t\t<div class=\"elementor-widget-container\">\n\t\t\t\t\t\t\t\t\t\t\t\t\t\t\t<img loading=\"lazy\" decoding=\"async\" width=\"300\" height=\"300\" src=\"https:\/\/www.socesfar.es\/wp-content\/uploads\/2025\/01\/Ana_Maria_Sahagun.webp\" class=\"attachment-large size-large wp-image-7765\" alt=\"Ana M\u00aa Sahag\u00fan Prieto.\" srcset=\"https:\/\/www.socesfar.es\/wp-content\/uploads\/2025\/01\/Ana_Maria_Sahagun.webp 300w, https:\/\/www.socesfar.es\/wp-content\/uploads\/2025\/01\/Ana_Maria_Sahagun-150x150.webp 150w\" sizes=\"(max-width: 300px) 100vw, 300px\" \/>\t\t\t\t\t\t\t\t\t\t\t\t\t\t\t<\/div>\n\t\t\t\t<\/div>\n\t\t\t\t<div class=\"elementor-element elementor-element-b15d82b ob-harakiri-inherit ob-has-background-overlay elementor-widget elementor-widget-heading\" data-id=\"b15d82b\" data-element_type=\"widget\" data-e-type=\"widget\" data-settings=\"{&quot;_ob_use_harakiri&quot;:&quot;yes&quot;,&quot;_ob_harakiri_writing_mode&quot;:&quot;inherit&quot;,&quot;_ob_harakiri_text_clip&quot;:&quot;none&quot;,&quot;_ob_perspektive_use&quot;:&quot;no&quot;,&quot;_ob_poopart_use&quot;:&quot;yes&quot;,&quot;_ob_shadough_use&quot;:&quot;no&quot;,&quot;_ob_allow_hoveranimator&quot;:&quot;no&quot;,&quot;_ob_widget_stalker_use&quot;:&quot;no&quot;}\" data-widget_type=\"heading.default\">\n\t\t\t\t<div class=\"elementor-widget-container\">\n\t\t\t\t\t<h5 class=\"elementor-heading-title elementor-size-default\">Ana M\u00aa Sahag\u00fan Prieto.<\/h5>\t\t\t\t<\/div>\n\t\t\t\t<\/div>\n\t\t\t\t<div class=\"elementor-element elementor-element-cf303e5 ob-harakiri-inherit ob-has-background-overlay elementor-widget elementor-widget-heading\" data-id=\"cf303e5\" data-element_type=\"widget\" data-e-type=\"widget\" data-settings=\"{&quot;_ob_use_harakiri&quot;:&quot;yes&quot;,&quot;_ob_harakiri_writing_mode&quot;:&quot;inherit&quot;,&quot;_ob_harakiri_text_clip&quot;:&quot;none&quot;,&quot;_ob_perspektive_use&quot;:&quot;no&quot;,&quot;_ob_poopart_use&quot;:&quot;yes&quot;,&quot;_ob_shadough_use&quot;:&quot;no&quot;,&quot;_ob_allow_hoveranimator&quot;:&quot;no&quot;,&quot;_ob_widget_stalker_use&quot;:&quot;no&quot;}\" data-widget_type=\"heading.default\">\n\t\t\t\t<div class=\"elementor-widget-container\">\n\t\t\t\t\t<h5 class=\"elementor-heading-title elementor-size-default\">Vocal \/ Member<\/h5>\t\t\t\t<\/div>\n\t\t\t\t<\/div>\n\t\t\t\t<div class=\"elementor-element elementor-element-c0c4718 ob-harakiri-inherit ob-has-background-overlay elementor-widget elementor-widget-text-editor\" data-id=\"c0c4718\" data-element_type=\"widget\" data-e-type=\"widget\" data-settings=\"{&quot;_ob_use_harakiri&quot;:&quot;yes&quot;,&quot;_ob_harakiri_writing_mode&quot;:&quot;inherit&quot;,&quot;_ob_postman_use&quot;:&quot;no&quot;,&quot;_ob_perspektive_use&quot;:&quot;no&quot;,&quot;_ob_poopart_use&quot;:&quot;yes&quot;,&quot;_ob_shadough_use&quot;:&quot;no&quot;,&quot;_ob_allow_hoveranimator&quot;:&quot;no&quot;,&quot;_ob_widget_stalker_use&quot;:&quot;no&quot;}\" data-widget_type=\"text-editor.default\">\n\t\t\t\t<div class=\"elementor-widget-container\">\n\t\t\t\t\t\t\t\t\t<p>\u00c1rea de Farmacolog\u00eda.<br \/>Dpto. de Ciencias Biom\u00e9dicas.<br \/>Facultad de Veterinaria<br \/>Universidad de Le\u00f3n<br \/>Campus de Vegazana s\/n<br \/>E-24071-Le\u00f3n<\/p>\n<p><strong><a href=\"mailto:amsahp@unileon.es\">amsahp@unileon.es<\/a>\u00a0<\/strong><\/p>\n\t\t\t\t\t\t\t\t<\/div>\n\t\t\t\t<\/div>\n\t\t\t\t\t<\/div>\n\t\t<\/div>\n\t\t\t\t<div class=\"elementor-column elementor-col-20 elementor-inner-column elementor-element elementor-element-3ee6a7f\" data-id=\"3ee6a7f\" data-element_type=\"column\" data-e-type=\"column\" data-settings=\"{&quot;_ob_bbad_is_stalker&quot;:&quot;no&quot;,&quot;_ob_teleporter_use&quot;:false,&quot;_ob_column_hoveranimator&quot;:&quot;no&quot;,&quot;_ob_column_has_pseudo&quot;:&quot;no&quot;}\">\n\t\t\t<div class=\"elementor-widget-wrap elementor-element-populated\">\n\t\t\t\t\t\t<div class=\"elementor-element elementor-element-36df71c ob-has-background-overlay elementor-widget elementor-widget-image\" data-id=\"36df71c\" data-element_type=\"widget\" data-e-type=\"widget\" data-settings=\"{&quot;_ob_photomorph_use&quot;:&quot;no&quot;,&quot;_ob_perspektive_use&quot;:&quot;no&quot;,&quot;_ob_poopart_use&quot;:&quot;yes&quot;,&quot;_ob_shadough_use&quot;:&quot;no&quot;,&quot;_ob_allow_hoveranimator&quot;:&quot;no&quot;,&quot;_ob_widget_stalker_use&quot;:&quot;no&quot;}\" data-widget_type=\"image.default\">\n\t\t\t\t<div class=\"elementor-widget-container\">\n\t\t\t\t\t\t\t\t\t\t\t\t\t\t\t<img loading=\"lazy\" decoding=\"async\" width=\"300\" height=\"300\" src=\"https:\/\/www.socesfar.es\/wp-content\/uploads\/2025\/01\/Raquel_Abalos.webp\" class=\"attachment-large size-large wp-image-7771\" alt=\"Raquel \u00c1balo Delgado\" srcset=\"https:\/\/www.socesfar.es\/wp-content\/uploads\/2025\/01\/Raquel_Abalos.webp 300w, https:\/\/www.socesfar.es\/wp-content\/uploads\/2025\/01\/Raquel_Abalos-150x150.webp 150w\" sizes=\"(max-width: 300px) 100vw, 300px\" \/>\t\t\t\t\t\t\t\t\t\t\t\t\t\t\t<\/div>\n\t\t\t\t<\/div>\n\t\t\t\t<div class=\"elementor-element elementor-element-f73e35e ob-harakiri-inherit ob-has-background-overlay elementor-widget elementor-widget-heading\" data-id=\"f73e35e\" data-element_type=\"widget\" data-e-type=\"widget\" data-settings=\"{&quot;_ob_use_harakiri&quot;:&quot;yes&quot;,&quot;_ob_harakiri_writing_mode&quot;:&quot;inherit&quot;,&quot;_ob_harakiri_text_clip&quot;:&quot;none&quot;,&quot;_ob_perspektive_use&quot;:&quot;no&quot;,&quot;_ob_poopart_use&quot;:&quot;yes&quot;,&quot;_ob_shadough_use&quot;:&quot;no&quot;,&quot;_ob_allow_hoveranimator&quot;:&quot;no&quot;,&quot;_ob_widget_stalker_use&quot;:&quot;no&quot;}\" data-widget_type=\"heading.default\">\n\t\t\t\t<div class=\"elementor-widget-container\">\n\t\t\t\t\t<h5 class=\"elementor-heading-title elementor-size-default\">Raquel Abalo Delgado<\/h5>\t\t\t\t<\/div>\n\t\t\t\t<\/div>\n\t\t\t\t<div class=\"elementor-element elementor-element-9f5a932 ob-harakiri-inherit ob-has-background-overlay elementor-widget elementor-widget-heading\" data-id=\"9f5a932\" data-element_type=\"widget\" data-e-type=\"widget\" data-settings=\"{&quot;_ob_use_harakiri&quot;:&quot;yes&quot;,&quot;_ob_harakiri_writing_mode&quot;:&quot;inherit&quot;,&quot;_ob_harakiri_text_clip&quot;:&quot;none&quot;,&quot;_ob_perspektive_use&quot;:&quot;no&quot;,&quot;_ob_poopart_use&quot;:&quot;yes&quot;,&quot;_ob_shadough_use&quot;:&quot;no&quot;,&quot;_ob_allow_hoveranimator&quot;:&quot;no&quot;,&quot;_ob_widget_stalker_use&quot;:&quot;no&quot;}\" data-widget_type=\"heading.default\">\n\t\t\t\t<div class=\"elementor-widget-container\">\n\t\t\t\t\t<h5 class=\"elementor-heading-title elementor-size-default\">Vocal \/ Member<\/h5>\t\t\t\t<\/div>\n\t\t\t\t<\/div>\n\t\t\t\t<div class=\"elementor-element elementor-element-b784cc3 ob-harakiri-inherit ob-has-background-overlay elementor-widget elementor-widget-text-editor\" data-id=\"b784cc3\" data-element_type=\"widget\" data-e-type=\"widget\" data-settings=\"{&quot;_ob_use_harakiri&quot;:&quot;yes&quot;,&quot;_ob_harakiri_writing_mode&quot;:&quot;inherit&quot;,&quot;_ob_postman_use&quot;:&quot;no&quot;,&quot;_ob_perspektive_use&quot;:&quot;no&quot;,&quot;_ob_poopart_use&quot;:&quot;yes&quot;,&quot;_ob_shadough_use&quot;:&quot;no&quot;,&quot;_ob_allow_hoveranimator&quot;:&quot;no&quot;,&quot;_ob_widget_stalker_use&quot;:&quot;no&quot;}\" data-widget_type=\"text-editor.default\">\n\t\t\t\t<div class=\"elementor-widget-container\">\n\t\t\t\t\t\t\t\t\t<p>Grupo de Investigaci\u00f3n de Alto Rendimiento en Fisiopatolog\u00eda y Farmacolog\u00eda del Sistema Digestivo de la URJC (NeuGut-URJC)<br \/>\u00c1rea de Farmacolog\u00eda y Nutrici\u00f3n y Bromatolog\u00eda<br \/>Depto. de Ciencias B\u00e1sicas de la Salud<br \/>Fac. de Ciencias de la Salud<br \/>Universidad Rey Juan Carlos (URJC)<br \/>28922 Alcorc\u00f3n \u2013 Madrid<\/p>\n<p><a href=\"mailto:raquel.abalo@urjc.es\"><strong>raquel.abalo@urjc.es<\/strong><\/a><\/p>\n\t\t\t\t\t\t\t\t<\/div>\n\t\t\t\t<\/div>\n\t\t\t\t\t<\/div>\n\t\t<\/div>\n\t\t\t\t<div class=\"elementor-column elementor-col-20 elementor-inner-column elementor-element elementor-element-8772350\" data-id=\"8772350\" data-element_type=\"column\" data-e-type=\"column\" data-settings=\"{&quot;_ob_bbad_is_stalker&quot;:&quot;no&quot;,&quot;_ob_teleporter_use&quot;:false,&quot;_ob_column_hoveranimator&quot;:&quot;no&quot;,&quot;_ob_column_has_pseudo&quot;:&quot;no&quot;}\">\n\t\t\t<div class=\"elementor-widget-wrap elementor-element-populated\">\n\t\t\t\t\t\t<div class=\"elementor-element elementor-element-a83af2d ob-has-background-overlay elementor-widget elementor-widget-image\" data-id=\"a83af2d\" data-element_type=\"widget\" data-e-type=\"widget\" data-settings=\"{&quot;_ob_photomorph_use&quot;:&quot;no&quot;,&quot;_ob_perspektive_use&quot;:&quot;no&quot;,&quot;_ob_poopart_use&quot;:&quot;yes&quot;,&quot;_ob_shadough_use&quot;:&quot;no&quot;,&quot;_ob_allow_hoveranimator&quot;:&quot;no&quot;,&quot;_ob_widget_stalker_use&quot;:&quot;no&quot;}\" data-widget_type=\"image.default\">\n\t\t\t\t<div class=\"elementor-widget-container\">\n\t\t\t\t\t\t\t\t\t\t\t\t\t\t\t<img loading=\"lazy\" decoding=\"async\" width=\"300\" height=\"300\" src=\"https:\/\/www.socesfar.es\/wp-content\/uploads\/2025\/01\/Carmen_montesinos.webp\" class=\"attachment-large size-large wp-image-7767\" alt=\"Mar\u00eda del Carmen Montesinos Mezquita\" srcset=\"https:\/\/www.socesfar.es\/wp-content\/uploads\/2025\/01\/Carmen_montesinos.webp 300w, https:\/\/www.socesfar.es\/wp-content\/uploads\/2025\/01\/Carmen_montesinos-150x150.webp 150w\" sizes=\"(max-width: 300px) 100vw, 300px\" \/>\t\t\t\t\t\t\t\t\t\t\t\t\t\t\t<\/div>\n\t\t\t\t<\/div>\n\t\t\t\t<div class=\"elementor-element elementor-element-a10ab84 ob-harakiri-inherit ob-has-background-overlay elementor-widget elementor-widget-heading\" data-id=\"a10ab84\" data-element_type=\"widget\" data-e-type=\"widget\" data-settings=\"{&quot;_ob_use_harakiri&quot;:&quot;yes&quot;,&quot;_ob_harakiri_writing_mode&quot;:&quot;inherit&quot;,&quot;_ob_harakiri_text_clip&quot;:&quot;none&quot;,&quot;_ob_perspektive_use&quot;:&quot;no&quot;,&quot;_ob_poopart_use&quot;:&quot;yes&quot;,&quot;_ob_shadough_use&quot;:&quot;no&quot;,&quot;_ob_allow_hoveranimator&quot;:&quot;no&quot;,&quot;_ob_widget_stalker_use&quot;:&quot;no&quot;}\" data-widget_type=\"heading.default\">\n\t\t\t\t<div class=\"elementor-widget-container\">\n\t\t\t\t\t<h5 class=\"elementor-heading-title elementor-size-default\">Mar\u00eda del Carmen Montesinos Mezquita<\/h5>\t\t\t\t<\/div>\n\t\t\t\t<\/div>\n\t\t\t\t<div class=\"elementor-element elementor-element-4feef54 ob-harakiri-inherit ob-has-background-overlay elementor-widget elementor-widget-heading\" data-id=\"4feef54\" data-element_type=\"widget\" data-e-type=\"widget\" data-settings=\"{&quot;_ob_use_harakiri&quot;:&quot;yes&quot;,&quot;_ob_harakiri_writing_mode&quot;:&quot;inherit&quot;,&quot;_ob_harakiri_text_clip&quot;:&quot;none&quot;,&quot;_ob_perspektive_use&quot;:&quot;no&quot;,&quot;_ob_poopart_use&quot;:&quot;yes&quot;,&quot;_ob_shadough_use&quot;:&quot;no&quot;,&quot;_ob_allow_hoveranimator&quot;:&quot;no&quot;,&quot;_ob_widget_stalker_use&quot;:&quot;no&quot;}\" data-widget_type=\"heading.default\">\n\t\t\t\t<div class=\"elementor-widget-container\">\n\t\t\t\t\t<h5 class=\"elementor-heading-title elementor-size-default\">Vocal \/ Member<\/h5>\t\t\t\t<\/div>\n\t\t\t\t<\/div>\n\t\t\t\t<div class=\"elementor-element elementor-element-4b951e9 ob-harakiri-inherit ob-has-background-overlay elementor-widget elementor-widget-text-editor\" data-id=\"4b951e9\" data-element_type=\"widget\" data-e-type=\"widget\" data-settings=\"{&quot;_ob_use_harakiri&quot;:&quot;yes&quot;,&quot;_ob_harakiri_writing_mode&quot;:&quot;inherit&quot;,&quot;_ob_postman_use&quot;:&quot;no&quot;,&quot;_ob_perspektive_use&quot;:&quot;no&quot;,&quot;_ob_poopart_use&quot;:&quot;yes&quot;,&quot;_ob_shadough_use&quot;:&quot;no&quot;,&quot;_ob_allow_hoveranimator&quot;:&quot;no&quot;,&quot;_ob_widget_stalker_use&quot;:&quot;no&quot;}\" data-widget_type=\"text-editor.default\">\n\t\t\t\t<div class=\"elementor-widget-container\">\n\t\t\t\t\t\t\t\t\t<p>Departamento de Farmacolog\u00eda.<br \/>Facultad de Farmacia.\u00a0\u00a0\u00a0\u00a0\u00a0\u00a0\u00a0\u00a0\u00a0\u00a0 <br \/>Universitat de Val\u00e8ncia.<br \/>Instituto Interuniversitario de Reconocimiento Molecular y Desarrollo Tecnol\u00f3gico (IDM), Universitat Polit\u00e9cnica de Val\u00e8ncia i Universitat de Val\u00e8ncia<br \/>Av. Vicent Andr\u00e8s Estell\u00e8s s\/n<br \/>46100 Burjassot<\/p>\n<p><a href=\"mailto:m.carmen.montesinos@uv.es\"><strong>m.carmen.montesinos@uv.es<\/strong><\/a><\/p>\n\t\t\t\t\t\t\t\t<\/div>\n\t\t\t\t<\/div>\n\t\t\t\t\t<\/div>\n\t\t<\/div>\n\t\t\t\t<div class=\"elementor-column elementor-col-20 elementor-inner-column elementor-element elementor-element-1ca9e28\" data-id=\"1ca9e28\" data-element_type=\"column\" data-e-type=\"column\" data-settings=\"{&quot;_ob_bbad_is_stalker&quot;:&quot;no&quot;,&quot;_ob_teleporter_use&quot;:false,&quot;_ob_column_hoveranimator&quot;:&quot;no&quot;,&quot;_ob_column_has_pseudo&quot;:&quot;no&quot;}\">\n\t\t\t<div class=\"elementor-widget-wrap elementor-element-populated\">\n\t\t\t\t\t\t<div class=\"elementor-element elementor-element-fb306b3 ob-has-background-overlay elementor-widget elementor-widget-image\" data-id=\"fb306b3\" data-element_type=\"widget\" data-e-type=\"widget\" data-settings=\"{&quot;_ob_photomorph_use&quot;:&quot;no&quot;,&quot;_ob_perspektive_use&quot;:&quot;no&quot;,&quot;_ob_poopart_use&quot;:&quot;yes&quot;,&quot;_ob_shadough_use&quot;:&quot;no&quot;,&quot;_ob_allow_hoveranimator&quot;:&quot;no&quot;,&quot;_ob_widget_stalker_use&quot;:&quot;no&quot;}\" data-widget_type=\"image.default\">\n\t\t\t\t<div class=\"elementor-widget-container\">\n\t\t\t\t\t\t\t\t\t\t\t\t\t\t\t<img loading=\"lazy\" decoding=\"async\" width=\"300\" height=\"300\" src=\"https:\/\/www.socesfar.es\/wp-content\/uploads\/2025\/01\/Julia_Fuster.webp\" class=\"attachment-large size-large wp-image-7769\" alt=\"M. Julia Garc\u00eda-Fuster\" srcset=\"https:\/\/www.socesfar.es\/wp-content\/uploads\/2025\/01\/Julia_Fuster.webp 300w, https:\/\/www.socesfar.es\/wp-content\/uploads\/2025\/01\/Julia_Fuster-150x150.webp 150w\" sizes=\"(max-width: 300px) 100vw, 300px\" \/>\t\t\t\t\t\t\t\t\t\t\t\t\t\t\t<\/div>\n\t\t\t\t<\/div>\n\t\t\t\t<div class=\"elementor-element elementor-element-945b9b2 ob-harakiri-inherit ob-has-background-overlay elementor-widget elementor-widget-heading\" data-id=\"945b9b2\" data-element_type=\"widget\" data-e-type=\"widget\" data-settings=\"{&quot;_ob_use_harakiri&quot;:&quot;yes&quot;,&quot;_ob_harakiri_writing_mode&quot;:&quot;inherit&quot;,&quot;_ob_harakiri_text_clip&quot;:&quot;none&quot;,&quot;_ob_perspektive_use&quot;:&quot;no&quot;,&quot;_ob_poopart_use&quot;:&quot;yes&quot;,&quot;_ob_shadough_use&quot;:&quot;no&quot;,&quot;_ob_allow_hoveranimator&quot;:&quot;no&quot;,&quot;_ob_widget_stalker_use&quot;:&quot;no&quot;}\" data-widget_type=\"heading.default\">\n\t\t\t\t<div class=\"elementor-widget-container\">\n\t\t\t\t\t<h5 class=\"elementor-heading-title elementor-size-default\">M. Julia Garc\u00eda-Fuster<\/h5>\t\t\t\t<\/div>\n\t\t\t\t<\/div>\n\t\t\t\t<div class=\"elementor-element elementor-element-b26e3fa ob-harakiri-inherit ob-has-background-overlay elementor-widget elementor-widget-heading\" data-id=\"b26e3fa\" data-element_type=\"widget\" data-e-type=\"widget\" data-settings=\"{&quot;_ob_use_harakiri&quot;:&quot;yes&quot;,&quot;_ob_harakiri_writing_mode&quot;:&quot;inherit&quot;,&quot;_ob_harakiri_text_clip&quot;:&quot;none&quot;,&quot;_ob_perspektive_use&quot;:&quot;no&quot;,&quot;_ob_poopart_use&quot;:&quot;yes&quot;,&quot;_ob_shadough_use&quot;:&quot;no&quot;,&quot;_ob_allow_hoveranimator&quot;:&quot;no&quot;,&quot;_ob_widget_stalker_use&quot;:&quot;no&quot;}\" data-widget_type=\"heading.default\">\n\t\t\t\t<div class=\"elementor-widget-container\">\n\t\t\t\t\t<h5 class=\"elementor-heading-title elementor-size-default\">Vocal \/ Member<\/h5>\t\t\t\t<\/div>\n\t\t\t\t<\/div>\n\t\t\t\t<div class=\"elementor-element elementor-element-eedd2e0 ob-harakiri-inherit ob-has-background-overlay elementor-widget elementor-widget-text-editor\" data-id=\"eedd2e0\" data-element_type=\"widget\" data-e-type=\"widget\" data-settings=\"{&quot;_ob_use_harakiri&quot;:&quot;yes&quot;,&quot;_ob_harakiri_writing_mode&quot;:&quot;inherit&quot;,&quot;_ob_postman_use&quot;:&quot;no&quot;,&quot;_ob_perspektive_use&quot;:&quot;no&quot;,&quot;_ob_poopart_use&quot;:&quot;yes&quot;,&quot;_ob_shadough_use&quot;:&quot;no&quot;,&quot;_ob_allow_hoveranimator&quot;:&quot;no&quot;,&quot;_ob_widget_stalker_use&quot;:&quot;no&quot;}\" data-widget_type=\"text-editor.default\">\n\t\t\t\t<div class=\"elementor-widget-container\">\n\t\t\t\t\t\t\t\t\t<p>\u00c1rea de Farmacolog\u00eda, <br \/>Departamento de Medicina<br \/>Grupo de Investigaci\u00f3n &#8211; Neurofarmacolog\u00eda<br \/>IUNICS, Universidad de las Islas Baleares<br \/>Instituto de Investigaci\u00f3n Sanitaria Islas Baleares (IdISBa)<\/p>\n<p><a href=\"mailto:j.garcia@uib.es\"><strong>j.garcia@uib.es<\/strong><\/a><\/p>\n\t\t\t\t\t\t\t\t<\/div>\n\t\t\t\t<\/div>\n\t\t\t\t\t<\/div>\n\t\t<\/div>\n\t\t\t\t\t<\/div>\n\t\t<\/section>\n\t\t\t\t\t<\/div>\n\t\t<\/div>\n\t\t\t\t\t<\/div>\n\t\t<\/section>\n\t\t\t\t<section class=\"ob-is-breaking-bad elementor-section elementor-top-section elementor-element elementor-element-52d6bb8 elementor-section-boxed elementor-section-height-default elementor-section-height-default\" data-id=\"52d6bb8\" data-element_type=\"section\" data-e-type=\"section\" data-settings=\"{&quot;_ob_bbad_use_it&quot;:&quot;yes&quot;,&quot;_ob_bbad_sssic_use&quot;:&quot;no&quot;,&quot;_ob_glider_is_slider&quot;:&quot;no&quot;}\">\n\t\t\t\t\t\t<div class=\"elementor-container elementor-column-gap-default\">\n\t\t\t\t\t<div class=\"elementor-column elementor-col-100 elementor-top-column elementor-element elementor-element-7764100\" data-id=\"7764100\" data-element_type=\"column\" data-e-type=\"column\" data-settings=\"{&quot;_ob_bbad_is_stalker&quot;:&quot;no&quot;,&quot;_ob_teleporter_use&quot;:false,&quot;_ob_column_hoveranimator&quot;:&quot;no&quot;,&quot;_ob_column_has_pseudo&quot;:&quot;no&quot;}\">\n\t\t\t<div class=\"elementor-widget-wrap\">\n\t\t\t\t\t\t\t<\/div>\n\t\t<\/div>\n\t\t\t\t\t<\/div>\n\t\t<\/section>\n\t\t\t\t<section class=\"ob-is-breaking-bad elementor-section elementor-top-section elementor-element elementor-element-75b1b56 elementor-section-boxed elementor-section-height-default elementor-section-height-default\" data-id=\"75b1b56\" data-element_type=\"section\" data-e-type=\"section\" data-settings=\"{&quot;background_background&quot;:&quot;classic&quot;,&quot;_ob_bbad_use_it&quot;:&quot;yes&quot;,&quot;_ob_bbad_sssic_use&quot;:&quot;no&quot;,&quot;_ob_glider_is_slider&quot;:&quot;no&quot;}\">\n\t\t\t\t\t\t<div class=\"elementor-container elementor-column-gap-default\">\n\t\t\t\t\t<div class=\"elementor-column elementor-col-100 elementor-top-column elementor-element elementor-element-8c1c13f\" data-id=\"8c1c13f\" data-element_type=\"column\" data-e-type=\"column\" data-settings=\"{&quot;_ob_bbad_is_stalker&quot;:&quot;no&quot;,&quot;_ob_teleporter_use&quot;:false,&quot;_ob_column_hoveranimator&quot;:&quot;no&quot;,&quot;_ob_column_has_pseudo&quot;:&quot;no&quot;}\">\n\t\t\t<div class=\"elementor-widget-wrap elementor-element-populated\">\n\t\t\t\t\t\t<div class=\"elementor-element elementor-element-bd33a3a ob-harakiri-inherit ob-has-background-overlay elementor-widget elementor-widget-heading\" data-id=\"bd33a3a\" data-element_type=\"widget\" data-e-type=\"widget\" data-settings=\"{&quot;_ob_use_harakiri&quot;:&quot;yes&quot;,&quot;_ob_harakiri_writing_mode&quot;:&quot;inherit&quot;,&quot;_ob_harakiri_text_clip&quot;:&quot;none&quot;,&quot;_ob_perspektive_use&quot;:&quot;no&quot;,&quot;_ob_poopart_use&quot;:&quot;yes&quot;,&quot;_ob_shadough_use&quot;:&quot;no&quot;,&quot;_ob_allow_hoveranimator&quot;:&quot;no&quot;,&quot;_ob_widget_stalker_use&quot;:&quot;no&quot;}\" data-widget_type=\"heading.default\">\n\t\t\t\t<div class=\"elementor-widget-container\">\n\t\t\t\t\t<h2 class=\"elementor-heading-title elementor-size-default\">Presidents Gallery<\/h2>\t\t\t\t<\/div>\n\t\t\t\t<\/div>\n\t\t\t\t\t<\/div>\n\t\t<\/div>\n\t\t\t\t\t<\/div>\n\t\t<\/section>\n\t\t\t\t<section class=\"ob-is-breaking-bad elementor-section elementor-top-section elementor-element elementor-element-cf16514 elementor-section-boxed elementor-section-height-default elementor-section-height-default\" data-id=\"cf16514\" data-element_type=\"section\" data-e-type=\"section\" data-settings=\"{&quot;background_background&quot;:&quot;classic&quot;,&quot;_ob_bbad_use_it&quot;:&quot;yes&quot;,&quot;_ob_bbad_sssic_use&quot;:&quot;no&quot;,&quot;_ob_glider_is_slider&quot;:&quot;no&quot;}\">\n\t\t\t\t\t\t<div class=\"elementor-container elementor-column-gap-default\">\n\t\t\t\t\t<div class=\"elementor-column elementor-col-100 elementor-top-column elementor-element elementor-element-d5a50e9\" data-id=\"d5a50e9\" data-element_type=\"column\" data-e-type=\"column\" data-settings=\"{&quot;_ob_bbad_is_stalker&quot;:&quot;no&quot;,&quot;_ob_column_hoveranimator&quot;:&quot;no&quot;,&quot;_ob_column_has_pseudo&quot;:&quot;no&quot;}\">\n\t\t\t<div class=\"elementor-widget-wrap elementor-element-populated\">\n\t\t\t\t\t\t<section class=\"ob-is-breaking-bad ob-bb-inner elementor-section elementor-inner-section elementor-element elementor-element-eb32150 elementor-section-boxed elementor-section-height-default elementor-section-height-default\" data-id=\"eb32150\" data-element_type=\"section\" data-e-type=\"section\" data-settings=\"{&quot;_ob_bbad_use_it&quot;:&quot;yes&quot;,&quot;_ob_bbad_sssic_use&quot;:&quot;no&quot;,&quot;_ob_glider_is_slider&quot;:&quot;no&quot;}\">\n\t\t\t\t\t\t<div class=\"elementor-container elementor-column-gap-default\">\n\t\t\t\t\t<div class=\"elementor-column elementor-col-12 elementor-inner-column elementor-element elementor-element-e45bc61\" data-id=\"e45bc61\" data-element_type=\"column\" data-e-type=\"column\" data-settings=\"{&quot;_ob_bbad_is_stalker&quot;:&quot;no&quot;,&quot;_ob_teleporter_use&quot;:false,&quot;_ob_column_hoveranimator&quot;:&quot;no&quot;,&quot;_ob_column_has_pseudo&quot;:&quot;no&quot;}\">\n\t\t\t<div class=\"elementor-widget-wrap elementor-element-populated\">\n\t\t\t\t\t\t<div class=\"elementor-element elementor-element-6134ece ob-harakiri-inherit ob-has-background-overlay elementor-widget elementor-widget-heading\" data-id=\"6134ece\" data-element_type=\"widget\" data-e-type=\"widget\" data-settings=\"{&quot;_ob_use_harakiri&quot;:&quot;yes&quot;,&quot;_ob_harakiri_writing_mode&quot;:&quot;inherit&quot;,&quot;_ob_harakiri_text_clip&quot;:&quot;none&quot;,&quot;_ob_perspektive_use&quot;:&quot;no&quot;,&quot;_ob_poopart_use&quot;:&quot;yes&quot;,&quot;_ob_shadough_use&quot;:&quot;no&quot;,&quot;_ob_allow_hoveranimator&quot;:&quot;no&quot;,&quot;_ob_widget_stalker_use&quot;:&quot;no&quot;}\" data-widget_type=\"heading.default\">\n\t\t\t\t<div class=\"elementor-widget-container\">\n\t\t\t\t\t<h5 class=\"elementor-heading-title elementor-size-default\">Desde el 2 de octubre de 2023<\/h5>\t\t\t\t<\/div>\n\t\t\t\t<\/div>\n\t\t\t\t<div class=\"elementor-element elementor-element-74d8346 elementor-widget-divider--view-line ob-has-background-overlay elementor-widget elementor-widget-divider\" data-id=\"74d8346\" data-element_type=\"widget\" data-e-type=\"widget\" data-settings=\"{&quot;_ob_perspektive_use&quot;:&quot;no&quot;,&quot;_ob_poopart_use&quot;:&quot;yes&quot;,&quot;_ob_shadough_use&quot;:&quot;no&quot;,&quot;_ob_allow_hoveranimator&quot;:&quot;no&quot;,&quot;_ob_widget_stalker_use&quot;:&quot;no&quot;}\" data-widget_type=\"divider.default\">\n\t\t\t\t<div class=\"elementor-widget-container\">\n\t\t\t\t\t\t\t<div class=\"elementor-divider\">\n\t\t\t<span class=\"elementor-divider-separator\">\n\t\t\t\t\t\t<\/span>\n\t\t<\/div>\n\t\t\t\t\t\t<\/div>\n\t\t\t\t<\/div>\n\t\t\t\t<div class=\"elementor-element elementor-element-c2f4938 ob-harakiri-inherit ob-has-background-overlay elementor-widget elementor-widget-heading\" data-id=\"c2f4938\" data-element_type=\"widget\" data-e-type=\"widget\" data-settings=\"{&quot;_ob_use_harakiri&quot;:&quot;yes&quot;,&quot;_ob_harakiri_writing_mode&quot;:&quot;inherit&quot;,&quot;_ob_harakiri_text_clip&quot;:&quot;none&quot;,&quot;_ob_perspektive_use&quot;:&quot;no&quot;,&quot;_ob_poopart_use&quot;:&quot;yes&quot;,&quot;_ob_shadough_use&quot;:&quot;no&quot;,&quot;_ob_allow_hoveranimator&quot;:&quot;no&quot;,&quot;_ob_widget_stalker_use&quot;:&quot;no&quot;}\" data-widget_type=\"heading.default\">\n\t\t\t\t<div class=\"elementor-widget-container\">\n\t\t\t\t\t<h5 class=\"elementor-heading-title elementor-size-default\">Antonio Rodr\u00edguez Artalejo<\/h5>\t\t\t\t<\/div>\n\t\t\t\t<\/div>\n\t\t\t\t<div class=\"elementor-element elementor-element-9dbd81c ob-harakiri-inherit ob-has-background-overlay elementor-widget elementor-widget-text-editor\" data-id=\"9dbd81c\" data-element_type=\"widget\" data-e-type=\"widget\" data-settings=\"{&quot;_ob_use_harakiri&quot;:&quot;yes&quot;,&quot;_ob_harakiri_writing_mode&quot;:&quot;inherit&quot;,&quot;_ob_postman_use&quot;:&quot;no&quot;,&quot;_ob_perspektive_use&quot;:&quot;no&quot;,&quot;_ob_poopart_use&quot;:&quot;yes&quot;,&quot;_ob_shadough_use&quot;:&quot;no&quot;,&quot;_ob_allow_hoveranimator&quot;:&quot;no&quot;,&quot;_ob_widget_stalker_use&quot;:&quot;no&quot;}\" data-widget_type=\"text-editor.default\">\n\t\t\t\t<div class=\"elementor-widget-container\">\n\t\t\t\t\t\t\t\t\t<p style=\"text-align: left;\">Dpto. de Farmacolog\u00eda y Toxicolog\u00eda<br \/>Facultad de Veterinaria<br \/>Universidad Complutense de Madrid<\/p>\n\t\t\t\t\t\t\t\t<\/div>\n\t\t\t\t<\/div>\n\t\t\t\t\t<\/div>\n\t\t<\/div>\n\t\t\t\t<div class=\"elementor-column elementor-col-12 elementor-inner-column elementor-element elementor-element-17152c7\" data-id=\"17152c7\" data-element_type=\"column\" data-e-type=\"column\" data-settings=\"{&quot;_ob_bbad_is_stalker&quot;:&quot;no&quot;,&quot;_ob_teleporter_use&quot;:false,&quot;_ob_column_hoveranimator&quot;:&quot;no&quot;,&quot;_ob_column_has_pseudo&quot;:&quot;no&quot;}\">\n\t\t\t<div class=\"elementor-widget-wrap elementor-element-populated\">\n\t\t\t\t\t\t<div class=\"elementor-element elementor-element-df61f71 ob-harakiri-inherit ob-has-background-overlay elementor-widget elementor-widget-heading\" data-id=\"df61f71\" data-element_type=\"widget\" data-e-type=\"widget\" data-settings=\"{&quot;_ob_use_harakiri&quot;:&quot;yes&quot;,&quot;_ob_harakiri_writing_mode&quot;:&quot;inherit&quot;,&quot;_ob_harakiri_text_clip&quot;:&quot;none&quot;,&quot;_ob_perspektive_use&quot;:&quot;no&quot;,&quot;_ob_poopart_use&quot;:&quot;yes&quot;,&quot;_ob_shadough_use&quot;:&quot;no&quot;,&quot;_ob_allow_hoveranimator&quot;:&quot;no&quot;,&quot;_ob_widget_stalker_use&quot;:&quot;no&quot;}\" data-widget_type=\"heading.default\">\n\t\t\t\t<div class=\"elementor-widget-container\">\n\t\t\t\t\t<h5 class=\"elementor-heading-title elementor-size-default\"> 5 de julio de 2019 - 2 de octubre de 2023<\/h5>\t\t\t\t<\/div>\n\t\t\t\t<\/div>\n\t\t\t\t<div class=\"elementor-element elementor-element-04b67f3 elementor-widget-divider--view-line ob-has-background-overlay elementor-widget elementor-widget-divider\" data-id=\"04b67f3\" data-element_type=\"widget\" data-e-type=\"widget\" data-settings=\"{&quot;_ob_perspektive_use&quot;:&quot;no&quot;,&quot;_ob_poopart_use&quot;:&quot;yes&quot;,&quot;_ob_shadough_use&quot;:&quot;no&quot;,&quot;_ob_allow_hoveranimator&quot;:&quot;no&quot;,&quot;_ob_widget_stalker_use&quot;:&quot;no&quot;}\" data-widget_type=\"divider.default\">\n\t\t\t\t<div class=\"elementor-widget-container\">\n\t\t\t\t\t\t\t<div class=\"elementor-divider\">\n\t\t\t<span class=\"elementor-divider-separator\">\n\t\t\t\t\t\t<\/span>\n\t\t<\/div>\n\t\t\t\t\t\t<\/div>\n\t\t\t\t<\/div>\n\t\t\t\t<div class=\"elementor-element elementor-element-7b4d43c ob-harakiri-inherit ob-has-background-overlay elementor-widget elementor-widget-heading\" data-id=\"7b4d43c\" data-element_type=\"widget\" data-e-type=\"widget\" data-settings=\"{&quot;_ob_use_harakiri&quot;:&quot;yes&quot;,&quot;_ob_harakiri_writing_mode&quot;:&quot;inherit&quot;,&quot;_ob_harakiri_text_clip&quot;:&quot;none&quot;,&quot;_ob_perspektive_use&quot;:&quot;no&quot;,&quot;_ob_poopart_use&quot;:&quot;yes&quot;,&quot;_ob_shadough_use&quot;:&quot;no&quot;,&quot;_ob_allow_hoveranimator&quot;:&quot;no&quot;,&quot;_ob_widget_stalker_use&quot;:&quot;no&quot;}\" data-widget_type=\"heading.default\">\n\t\t\t\t<div class=\"elementor-widget-container\">\n\t\t\t\t\t<h5 class=\"elementor-heading-title elementor-size-default\">Valent\u00edn Ce\u00f1a Callejo<\/h5>\t\t\t\t<\/div>\n\t\t\t\t<\/div>\n\t\t\t\t<div class=\"elementor-element elementor-element-d02546f ob-harakiri-inherit ob-has-background-overlay elementor-widget elementor-widget-text-editor\" data-id=\"d02546f\" data-element_type=\"widget\" data-e-type=\"widget\" data-settings=\"{&quot;_ob_use_harakiri&quot;:&quot;yes&quot;,&quot;_ob_harakiri_writing_mode&quot;:&quot;inherit&quot;,&quot;_ob_postman_use&quot;:&quot;no&quot;,&quot;_ob_perspektive_use&quot;:&quot;no&quot;,&quot;_ob_poopart_use&quot;:&quot;yes&quot;,&quot;_ob_shadough_use&quot;:&quot;no&quot;,&quot;_ob_allow_hoveranimator&quot;:&quot;no&quot;,&quot;_ob_widget_stalker_use&quot;:&quot;no&quot;}\" data-widget_type=\"text-editor.default\">\n\t\t\t\t<div class=\"elementor-widget-container\">\n\t\t\t\t\t\t\t\t\t<p style=\"text-align: left;\">Unidad Asociada Neurodeath-Farmacolog\u00eda<br \/>Facultad de Medicina<br \/>Universidad de Castilla-La Mancha<\/p>\n\t\t\t\t\t\t\t\t<\/div>\n\t\t\t\t<\/div>\n\t\t\t\t\t<\/div>\n\t\t<\/div>\n\t\t\t\t<div class=\"elementor-column elementor-col-12 elementor-inner-column elementor-element elementor-element-2f132e5\" data-id=\"2f132e5\" data-element_type=\"column\" data-e-type=\"column\" data-settings=\"{&quot;_ob_bbad_is_stalker&quot;:&quot;no&quot;,&quot;_ob_teleporter_use&quot;:false,&quot;_ob_column_hoveranimator&quot;:&quot;no&quot;,&quot;_ob_column_has_pseudo&quot;:&quot;no&quot;}\">\n\t\t\t<div class=\"elementor-widget-wrap elementor-element-populated\">\n\t\t\t\t\t\t<div class=\"elementor-element elementor-element-e532f79 ob-harakiri-inherit ob-has-background-overlay elementor-widget elementor-widget-heading\" data-id=\"e532f79\" data-element_type=\"widget\" data-e-type=\"widget\" data-settings=\"{&quot;_ob_use_harakiri&quot;:&quot;yes&quot;,&quot;_ob_harakiri_writing_mode&quot;:&quot;inherit&quot;,&quot;_ob_harakiri_text_clip&quot;:&quot;none&quot;,&quot;_ob_perspektive_use&quot;:&quot;no&quot;,&quot;_ob_poopart_use&quot;:&quot;yes&quot;,&quot;_ob_shadough_use&quot;:&quot;no&quot;,&quot;_ob_allow_hoveranimator&quot;:&quot;no&quot;,&quot;_ob_widget_stalker_use&quot;:&quot;no&quot;}\" data-widget_type=\"heading.default\">\n\t\t\t\t<div class=\"elementor-widget-container\">\n\t\t\t\t\t<h5 class=\"elementor-heading-title elementor-size-default\">26 de septiembre de 2014 - 5 de julio de 2019<\/h5>\t\t\t\t<\/div>\n\t\t\t\t<\/div>\n\t\t\t\t<div class=\"elementor-element elementor-element-cd6b437 elementor-widget-divider--view-line ob-has-background-overlay elementor-widget elementor-widget-divider\" data-id=\"cd6b437\" data-element_type=\"widget\" data-e-type=\"widget\" data-settings=\"{&quot;_ob_perspektive_use&quot;:&quot;no&quot;,&quot;_ob_poopart_use&quot;:&quot;yes&quot;,&quot;_ob_shadough_use&quot;:&quot;no&quot;,&quot;_ob_allow_hoveranimator&quot;:&quot;no&quot;,&quot;_ob_widget_stalker_use&quot;:&quot;no&quot;}\" data-widget_type=\"divider.default\">\n\t\t\t\t<div class=\"elementor-widget-container\">\n\t\t\t\t\t\t\t<div class=\"elementor-divider\">\n\t\t\t<span class=\"elementor-divider-separator\">\n\t\t\t\t\t\t<\/span>\n\t\t<\/div>\n\t\t\t\t\t\t<\/div>\n\t\t\t\t<\/div>\n\t\t\t\t<div class=\"elementor-element elementor-element-9401cb9 ob-harakiri-inherit ob-has-background-overlay elementor-widget elementor-widget-heading\" data-id=\"9401cb9\" data-element_type=\"widget\" data-e-type=\"widget\" data-settings=\"{&quot;_ob_use_harakiri&quot;:&quot;yes&quot;,&quot;_ob_harakiri_writing_mode&quot;:&quot;inherit&quot;,&quot;_ob_harakiri_text_clip&quot;:&quot;none&quot;,&quot;_ob_perspektive_use&quot;:&quot;no&quot;,&quot;_ob_poopart_use&quot;:&quot;yes&quot;,&quot;_ob_shadough_use&quot;:&quot;no&quot;,&quot;_ob_allow_hoveranimator&quot;:&quot;no&quot;,&quot;_ob_widget_stalker_use&quot;:&quot;no&quot;}\" data-widget_type=\"heading.default\">\n\t\t\t\t<div class=\"elementor-widget-container\">\n\t\t\t\t\t<h5 class=\"elementor-heading-title elementor-size-default\">M\u00aa Jes\u00fas Sanz<\/h5>\t\t\t\t<\/div>\n\t\t\t\t<\/div>\n\t\t\t\t<div class=\"elementor-element elementor-element-13307ad elementor-widget__width-initial ob-harakiri-inherit ob-has-background-overlay elementor-widget elementor-widget-text-editor\" data-id=\"13307ad\" data-element_type=\"widget\" data-e-type=\"widget\" data-settings=\"{&quot;_ob_use_harakiri&quot;:&quot;yes&quot;,&quot;_ob_harakiri_writing_mode&quot;:&quot;inherit&quot;,&quot;_ob_postman_use&quot;:&quot;no&quot;,&quot;_ob_perspektive_use&quot;:&quot;no&quot;,&quot;_ob_poopart_use&quot;:&quot;yes&quot;,&quot;_ob_shadough_use&quot;:&quot;no&quot;,&quot;_ob_allow_hoveranimator&quot;:&quot;no&quot;,&quot;_ob_widget_stalker_use&quot;:&quot;no&quot;}\" data-widget_type=\"text-editor.default\">\n\t\t\t\t<div class=\"elementor-widget-container\">\n\t\t\t\t\t\t\t\t\t<p style=\"text-align: left;\">Catedr\u00e1tica de Farmacolog\u00eda<br \/>Facultad de Medicina y Odontolog\u00eda<br \/>Universidad de Valencia<\/p>\n\t\t\t\t\t\t\t\t<\/div>\n\t\t\t\t<\/div>\n\t\t\t\t\t<\/div>\n\t\t<\/div>\n\t\t\t\t<div class=\"elementor-column elementor-col-12 elementor-inner-column elementor-element elementor-element-dd25715\" data-id=\"dd25715\" data-element_type=\"column\" data-e-type=\"column\" data-settings=\"{&quot;_ob_bbad_is_stalker&quot;:&quot;no&quot;,&quot;_ob_teleporter_use&quot;:false,&quot;_ob_column_hoveranimator&quot;:&quot;no&quot;,&quot;_ob_column_has_pseudo&quot;:&quot;no&quot;}\">\n\t\t\t<div class=\"elementor-widget-wrap elementor-element-populated\">\n\t\t\t\t\t\t<div class=\"elementor-element elementor-element-38a9f92 ob-harakiri-inherit ob-has-background-overlay elementor-widget elementor-widget-heading\" data-id=\"38a9f92\" data-element_type=\"widget\" data-e-type=\"widget\" data-settings=\"{&quot;_ob_use_harakiri&quot;:&quot;yes&quot;,&quot;_ob_harakiri_writing_mode&quot;:&quot;inherit&quot;,&quot;_ob_harakiri_text_clip&quot;:&quot;none&quot;,&quot;_ob_perspektive_use&quot;:&quot;no&quot;,&quot;_ob_poopart_use&quot;:&quot;yes&quot;,&quot;_ob_shadough_use&quot;:&quot;no&quot;,&quot;_ob_allow_hoveranimator&quot;:&quot;no&quot;,&quot;_ob_widget_stalker_use&quot;:&quot;no&quot;}\" data-widget_type=\"heading.default\">\n\t\t\t\t<div class=\"elementor-widget-container\">\n\t\t\t\t\t<h5 class=\"elementor-heading-title elementor-size-default\">18 de septiembre de 2009 - 26 de septiembre de 2014<\/h5>\t\t\t\t<\/div>\n\t\t\t\t<\/div>\n\t\t\t\t<div class=\"elementor-element elementor-element-0f4d2e1 elementor-widget-divider--view-line ob-has-background-overlay elementor-widget elementor-widget-divider\" data-id=\"0f4d2e1\" data-element_type=\"widget\" data-e-type=\"widget\" data-settings=\"{&quot;_ob_perspektive_use&quot;:&quot;no&quot;,&quot;_ob_poopart_use&quot;:&quot;yes&quot;,&quot;_ob_shadough_use&quot;:&quot;no&quot;,&quot;_ob_allow_hoveranimator&quot;:&quot;no&quot;,&quot;_ob_widget_stalker_use&quot;:&quot;no&quot;}\" data-widget_type=\"divider.default\">\n\t\t\t\t<div class=\"elementor-widget-container\">\n\t\t\t\t\t\t\t<div class=\"elementor-divider\">\n\t\t\t<span class=\"elementor-divider-separator\">\n\t\t\t\t\t\t<\/span>\n\t\t<\/div>\n\t\t\t\t\t\t<\/div>\n\t\t\t\t<\/div>\n\t\t\t\t<div class=\"elementor-element elementor-element-835467f ob-harakiri-inherit ob-has-background-overlay elementor-widget elementor-widget-heading\" data-id=\"835467f\" data-element_type=\"widget\" data-e-type=\"widget\" data-settings=\"{&quot;_ob_use_harakiri&quot;:&quot;yes&quot;,&quot;_ob_harakiri_writing_mode&quot;:&quot;inherit&quot;,&quot;_ob_harakiri_text_clip&quot;:&quot;none&quot;,&quot;_ob_perspektive_use&quot;:&quot;no&quot;,&quot;_ob_poopart_use&quot;:&quot;yes&quot;,&quot;_ob_shadough_use&quot;:&quot;no&quot;,&quot;_ob_allow_hoveranimator&quot;:&quot;no&quot;,&quot;_ob_widget_stalker_use&quot;:&quot;no&quot;}\" data-widget_type=\"heading.default\">\n\t\t\t\t<div class=\"elementor-widget-container\">\n\t\t\t\t\t<h5 class=\"elementor-heading-title elementor-size-default\">Teresa Tejerina S\u00e1nchez<\/h5>\t\t\t\t<\/div>\n\t\t\t\t<\/div>\n\t\t\t\t<div class=\"elementor-element elementor-element-650e729 ob-harakiri-inherit ob-has-background-overlay elementor-widget elementor-widget-text-editor\" data-id=\"650e729\" data-element_type=\"widget\" data-e-type=\"widget\" data-settings=\"{&quot;_ob_use_harakiri&quot;:&quot;yes&quot;,&quot;_ob_harakiri_writing_mode&quot;:&quot;inherit&quot;,&quot;_ob_postman_use&quot;:&quot;no&quot;,&quot;_ob_perspektive_use&quot;:&quot;no&quot;,&quot;_ob_poopart_use&quot;:&quot;yes&quot;,&quot;_ob_shadough_use&quot;:&quot;no&quot;,&quot;_ob_allow_hoveranimator&quot;:&quot;no&quot;,&quot;_ob_widget_stalker_use&quot;:&quot;no&quot;}\" data-widget_type=\"text-editor.default\">\n\t\t\t\t<div class=\"elementor-widget-container\">\n\t\t\t\t\t\t\t\t\t<p style=\"text-align: left;\">Catedr\u00e1tica de Farmacolog\u00eda<br \/>Facultad de Medicina<br \/>Universidad Complutense de Madrid<\/p>\n\t\t\t\t\t\t\t\t<\/div>\n\t\t\t\t<\/div>\n\t\t\t\t\t<\/div>\n\t\t<\/div>\n\t\t\t\t<div class=\"elementor-column elementor-col-12 elementor-inner-column elementor-element elementor-element-acd6ada\" data-id=\"acd6ada\" data-element_type=\"column\" data-e-type=\"column\" data-settings=\"{&quot;_ob_bbad_is_stalker&quot;:&quot;no&quot;,&quot;_ob_teleporter_use&quot;:false,&quot;_ob_column_hoveranimator&quot;:&quot;no&quot;,&quot;_ob_column_has_pseudo&quot;:&quot;no&quot;}\">\n\t\t\t<div class=\"elementor-widget-wrap elementor-element-populated\">\n\t\t\t\t\t\t<div class=\"elementor-element elementor-element-94ea3fa ob-harakiri-inherit ob-has-background-overlay elementor-widget elementor-widget-heading\" data-id=\"94ea3fa\" data-element_type=\"widget\" data-e-type=\"widget\" data-settings=\"{&quot;_ob_use_harakiri&quot;:&quot;yes&quot;,&quot;_ob_harakiri_writing_mode&quot;:&quot;inherit&quot;,&quot;_ob_harakiri_text_clip&quot;:&quot;none&quot;,&quot;_ob_perspektive_use&quot;:&quot;no&quot;,&quot;_ob_poopart_use&quot;:&quot;yes&quot;,&quot;_ob_shadough_use&quot;:&quot;no&quot;,&quot;_ob_allow_hoveranimator&quot;:&quot;no&quot;,&quot;_ob_widget_stalker_use&quot;:&quot;no&quot;}\" data-widget_type=\"heading.default\">\n\t\t\t\t<div class=\"elementor-widget-container\">\n\t\t\t\t\t<h5 class=\"elementor-heading-title elementor-size-default\">30 de septiembre de 2005 - 18 de septiembre de 2009<\/h5>\t\t\t\t<\/div>\n\t\t\t\t<\/div>\n\t\t\t\t<div class=\"elementor-element elementor-element-bd8e406 elementor-widget-divider--view-line ob-has-background-overlay elementor-widget elementor-widget-divider\" data-id=\"bd8e406\" data-element_type=\"widget\" data-e-type=\"widget\" data-settings=\"{&quot;_ob_perspektive_use&quot;:&quot;no&quot;,&quot;_ob_poopart_use&quot;:&quot;yes&quot;,&quot;_ob_shadough_use&quot;:&quot;no&quot;,&quot;_ob_allow_hoveranimator&quot;:&quot;no&quot;,&quot;_ob_widget_stalker_use&quot;:&quot;no&quot;}\" data-widget_type=\"divider.default\">\n\t\t\t\t<div class=\"elementor-widget-container\">\n\t\t\t\t\t\t\t<div class=\"elementor-divider\">\n\t\t\t<span class=\"elementor-divider-separator\">\n\t\t\t\t\t\t<\/span>\n\t\t<\/div>\n\t\t\t\t\t\t<\/div>\n\t\t\t\t<\/div>\n\t\t\t\t<div class=\"elementor-element elementor-element-baf1d45 ob-harakiri-inherit ob-has-background-overlay elementor-widget elementor-widget-heading\" data-id=\"baf1d45\" data-element_type=\"widget\" data-e-type=\"widget\" data-settings=\"{&quot;_ob_use_harakiri&quot;:&quot;yes&quot;,&quot;_ob_harakiri_writing_mode&quot;:&quot;inherit&quot;,&quot;_ob_harakiri_text_clip&quot;:&quot;none&quot;,&quot;_ob_perspektive_use&quot;:&quot;no&quot;,&quot;_ob_poopart_use&quot;:&quot;yes&quot;,&quot;_ob_shadough_use&quot;:&quot;no&quot;,&quot;_ob_allow_hoveranimator&quot;:&quot;no&quot;,&quot;_ob_widget_stalker_use&quot;:&quot;no&quot;}\" data-widget_type=\"heading.default\">\n\t\t\t\t<div class=\"elementor-widget-container\">\n\t\t\t\t\t<h5 class=\"elementor-heading-title elementor-size-default\">Francisco Zaragoz\u00e1 Garc\u00eda<\/h5>\t\t\t\t<\/div>\n\t\t\t\t<\/div>\n\t\t\t\t<div class=\"elementor-element elementor-element-312bc70 ob-harakiri-inherit ob-has-background-overlay elementor-widget elementor-widget-text-editor\" data-id=\"312bc70\" data-element_type=\"widget\" data-e-type=\"widget\" data-settings=\"{&quot;_ob_use_harakiri&quot;:&quot;yes&quot;,&quot;_ob_harakiri_writing_mode&quot;:&quot;inherit&quot;,&quot;_ob_postman_use&quot;:&quot;no&quot;,&quot;_ob_perspektive_use&quot;:&quot;no&quot;,&quot;_ob_poopart_use&quot;:&quot;yes&quot;,&quot;_ob_shadough_use&quot;:&quot;no&quot;,&quot;_ob_allow_hoveranimator&quot;:&quot;no&quot;,&quot;_ob_widget_stalker_use&quot;:&quot;no&quot;}\" data-widget_type=\"text-editor.default\">\n\t\t\t\t<div class=\"elementor-widget-container\">\n\t\t\t\t\t\t\t\t\t<p style=\"text-align: left;\">Catedr\u00e1tico de Farmacolog\u00eda<br \/>Universidad de Alcal\u00e1 de Henares<\/p>\n<p style=\"text-align: left;\">\u00a0<\/p>\n\t\t\t\t\t\t\t\t<\/div>\n\t\t\t\t<\/div>\n\t\t\t\t\t<\/div>\n\t\t<\/div>\n\t\t\t\t<div class=\"elementor-column elementor-col-12 elementor-inner-column elementor-element elementor-element-a9e99ed\" data-id=\"a9e99ed\" data-element_type=\"column\" data-e-type=\"column\" data-settings=\"{&quot;_ob_bbad_is_stalker&quot;:&quot;no&quot;,&quot;_ob_teleporter_use&quot;:false,&quot;_ob_column_hoveranimator&quot;:&quot;no&quot;,&quot;_ob_column_has_pseudo&quot;:&quot;no&quot;}\">\n\t\t\t<div class=\"elementor-widget-wrap elementor-element-populated\">\n\t\t\t\t\t\t<div class=\"elementor-element elementor-element-0033535 ob-harakiri-inherit ob-has-background-overlay elementor-widget elementor-widget-heading\" data-id=\"0033535\" data-element_type=\"widget\" data-e-type=\"widget\" data-settings=\"{&quot;_ob_use_harakiri&quot;:&quot;yes&quot;,&quot;_ob_harakiri_writing_mode&quot;:&quot;inherit&quot;,&quot;_ob_harakiri_text_clip&quot;:&quot;none&quot;,&quot;_ob_perspektive_use&quot;:&quot;no&quot;,&quot;_ob_poopart_use&quot;:&quot;yes&quot;,&quot;_ob_shadough_use&quot;:&quot;no&quot;,&quot;_ob_allow_hoveranimator&quot;:&quot;no&quot;,&quot;_ob_widget_stalker_use&quot;:&quot;no&quot;}\" data-widget_type=\"heading.default\">\n\t\t\t\t<div class=\"elementor-widget-container\">\n\t\t\t\t\t<h5 class=\"elementor-heading-title elementor-size-default\">7 de julio de 2001 - 30 de septiembre de 2005<\/h5>\t\t\t\t<\/div>\n\t\t\t\t<\/div>\n\t\t\t\t<div class=\"elementor-element elementor-element-ed92c8c elementor-widget-divider--view-line ob-has-background-overlay elementor-widget elementor-widget-divider\" data-id=\"ed92c8c\" data-element_type=\"widget\" data-e-type=\"widget\" data-settings=\"{&quot;_ob_perspektive_use&quot;:&quot;no&quot;,&quot;_ob_poopart_use&quot;:&quot;yes&quot;,&quot;_ob_shadough_use&quot;:&quot;no&quot;,&quot;_ob_allow_hoveranimator&quot;:&quot;no&quot;,&quot;_ob_widget_stalker_use&quot;:&quot;no&quot;}\" data-widget_type=\"divider.default\">\n\t\t\t\t<div class=\"elementor-widget-container\">\n\t\t\t\t\t\t\t<div class=\"elementor-divider\">\n\t\t\t<span class=\"elementor-divider-separator\">\n\t\t\t\t\t\t<\/span>\n\t\t<\/div>\n\t\t\t\t\t\t<\/div>\n\t\t\t\t<\/div>\n\t\t\t\t<div class=\"elementor-element elementor-element-8b1e919 ob-harakiri-inherit ob-has-background-overlay elementor-widget elementor-widget-heading\" data-id=\"8b1e919\" data-element_type=\"widget\" data-e-type=\"widget\" data-settings=\"{&quot;_ob_use_harakiri&quot;:&quot;yes&quot;,&quot;_ob_harakiri_writing_mode&quot;:&quot;inherit&quot;,&quot;_ob_harakiri_text_clip&quot;:&quot;none&quot;,&quot;_ob_perspektive_use&quot;:&quot;no&quot;,&quot;_ob_poopart_use&quot;:&quot;yes&quot;,&quot;_ob_shadough_use&quot;:&quot;no&quot;,&quot;_ob_allow_hoveranimator&quot;:&quot;no&quot;,&quot;_ob_widget_stalker_use&quot;:&quot;no&quot;}\" data-widget_type=\"heading.default\">\n\t\t\t\t<div class=\"elementor-widget-container\">\n\t\t\t\t\t<h5 class=\"elementor-heading-title elementor-size-default\">Felipe S\u00e1nchez De la Cuesta y Alarc\u00f3n<\/h5>\t\t\t\t<\/div>\n\t\t\t\t<\/div>\n\t\t\t\t<div class=\"elementor-element elementor-element-3cfbe28 ob-harakiri-inherit ob-has-background-overlay elementor-widget elementor-widget-text-editor\" data-id=\"3cfbe28\" data-element_type=\"widget\" data-e-type=\"widget\" data-settings=\"{&quot;_ob_use_harakiri&quot;:&quot;yes&quot;,&quot;_ob_harakiri_writing_mode&quot;:&quot;inherit&quot;,&quot;_ob_postman_use&quot;:&quot;no&quot;,&quot;_ob_perspektive_use&quot;:&quot;no&quot;,&quot;_ob_poopart_use&quot;:&quot;yes&quot;,&quot;_ob_shadough_use&quot;:&quot;no&quot;,&quot;_ob_allow_hoveranimator&quot;:&quot;no&quot;,&quot;_ob_widget_stalker_use&quot;:&quot;no&quot;}\" data-widget_type=\"text-editor.default\">\n\t\t\t\t<div class=\"elementor-widget-container\">\n\t\t\t\t\t\t\t\t\t<p style=\"text-align: left;\">Decano de la Facultad de Medicina de M\u00e1laga<br \/>Catedr\u00e1tico de Farmacolog\u00eda<\/p>\n<p style=\"text-align: left;\">\u00a0<\/p>\n\t\t\t\t\t\t\t\t<\/div>\n\t\t\t\t<\/div>\n\t\t\t\t\t<\/div>\n\t\t<\/div>\n\t\t\t\t<div class=\"elementor-column elementor-col-12 elementor-inner-column elementor-element elementor-element-e03f343\" data-id=\"e03f343\" data-element_type=\"column\" data-e-type=\"column\" data-settings=\"{&quot;_ob_bbad_is_stalker&quot;:&quot;no&quot;,&quot;_ob_teleporter_use&quot;:false,&quot;_ob_column_hoveranimator&quot;:&quot;no&quot;,&quot;_ob_column_has_pseudo&quot;:&quot;no&quot;}\">\n\t\t\t<div class=\"elementor-widget-wrap elementor-element-populated\">\n\t\t\t\t\t\t<div class=\"elementor-element elementor-element-e4c7021 ob-harakiri-inherit ob-has-background-overlay elementor-widget elementor-widget-heading\" data-id=\"e4c7021\" data-element_type=\"widget\" data-e-type=\"widget\" data-settings=\"{&quot;_ob_use_harakiri&quot;:&quot;yes&quot;,&quot;_ob_harakiri_writing_mode&quot;:&quot;inherit&quot;,&quot;_ob_harakiri_text_clip&quot;:&quot;none&quot;,&quot;_ob_perspektive_use&quot;:&quot;no&quot;,&quot;_ob_poopart_use&quot;:&quot;yes&quot;,&quot;_ob_shadough_use&quot;:&quot;no&quot;,&quot;_ob_allow_hoveranimator&quot;:&quot;no&quot;,&quot;_ob_widget_stalker_use&quot;:&quot;no&quot;}\" data-widget_type=\"heading.default\">\n\t\t\t\t<div class=\"elementor-widget-container\">\n\t\t\t\t\t<h5 class=\"elementor-heading-title elementor-size-default\">17 de diciembre de 1999 - 7 de julio de 2001<\/h5>\t\t\t\t<\/div>\n\t\t\t\t<\/div>\n\t\t\t\t<div class=\"elementor-element elementor-element-1f46af4 elementor-widget-divider--view-line ob-has-background-overlay elementor-widget elementor-widget-divider\" data-id=\"1f46af4\" data-element_type=\"widget\" data-e-type=\"widget\" data-settings=\"{&quot;_ob_perspektive_use&quot;:&quot;no&quot;,&quot;_ob_poopart_use&quot;:&quot;yes&quot;,&quot;_ob_shadough_use&quot;:&quot;no&quot;,&quot;_ob_allow_hoveranimator&quot;:&quot;no&quot;,&quot;_ob_widget_stalker_use&quot;:&quot;no&quot;}\" data-widget_type=\"divider.default\">\n\t\t\t\t<div class=\"elementor-widget-container\">\n\t\t\t\t\t\t\t<div class=\"elementor-divider\">\n\t\t\t<span class=\"elementor-divider-separator\">\n\t\t\t\t\t\t<\/span>\n\t\t<\/div>\n\t\t\t\t\t\t<\/div>\n\t\t\t\t<\/div>\n\t\t\t\t<div class=\"elementor-element elementor-element-6afae24 ob-harakiri-inherit ob-has-background-overlay elementor-widget elementor-widget-heading\" data-id=\"6afae24\" data-element_type=\"widget\" data-e-type=\"widget\" data-settings=\"{&quot;_ob_use_harakiri&quot;:&quot;yes&quot;,&quot;_ob_harakiri_writing_mode&quot;:&quot;inherit&quot;,&quot;_ob_harakiri_text_clip&quot;:&quot;none&quot;,&quot;_ob_perspektive_use&quot;:&quot;no&quot;,&quot;_ob_poopart_use&quot;:&quot;yes&quot;,&quot;_ob_shadough_use&quot;:&quot;no&quot;,&quot;_ob_allow_hoveranimator&quot;:&quot;no&quot;,&quot;_ob_widget_stalker_use&quot;:&quot;no&quot;}\" data-widget_type=\"heading.default\">\n\t\t\t\t<div class=\"elementor-widget-container\">\n\t\t\t\t\t<h5 class=\"elementor-heading-title elementor-size-default\">Pedro S\u00e1nchez Garc\u00eda<\/h5>\t\t\t\t<\/div>\n\t\t\t\t<\/div>\n\t\t\t\t<div class=\"elementor-element elementor-element-edcec50 ob-harakiri-inherit ob-has-background-overlay elementor-widget elementor-widget-text-editor\" data-id=\"edcec50\" data-element_type=\"widget\" data-e-type=\"widget\" data-settings=\"{&quot;_ob_use_harakiri&quot;:&quot;yes&quot;,&quot;_ob_harakiri_writing_mode&quot;:&quot;inherit&quot;,&quot;_ob_postman_use&quot;:&quot;no&quot;,&quot;_ob_perspektive_use&quot;:&quot;no&quot;,&quot;_ob_poopart_use&quot;:&quot;yes&quot;,&quot;_ob_shadough_use&quot;:&quot;no&quot;,&quot;_ob_allow_hoveranimator&quot;:&quot;no&quot;,&quot;_ob_widget_stalker_use&quot;:&quot;no&quot;}\" data-widget_type=\"text-editor.default\">\n\t\t\t\t<div class=\"elementor-widget-container\">\n\t\t\t\t\t\t\t\t\t<p style=\"text-align: left;\">Catedr\u00e1tico de Farmacolog\u00eda<br \/>Universidad Aut\u00f3noma de Madrid<\/p>\n<p style=\"text-align: left;\">\u00a0<\/p>\n\t\t\t\t\t\t\t\t<\/div>\n\t\t\t\t<\/div>\n\t\t\t\t\t<\/div>\n\t\t<\/div>\n\t\t\t\t<div class=\"elementor-column elementor-col-12 elementor-inner-column elementor-element elementor-element-a13f08c\" data-id=\"a13f08c\" data-element_type=\"column\" data-e-type=\"column\" data-settings=\"{&quot;_ob_bbad_is_stalker&quot;:&quot;no&quot;,&quot;_ob_teleporter_use&quot;:false,&quot;_ob_column_hoveranimator&quot;:&quot;no&quot;,&quot;_ob_column_has_pseudo&quot;:&quot;no&quot;}\">\n\t\t\t<div class=\"elementor-widget-wrap elementor-element-populated\">\n\t\t\t\t\t\t<div class=\"elementor-element elementor-element-335ffd3 ob-harakiri-inherit ob-has-background-overlay elementor-widget elementor-widget-heading\" data-id=\"335ffd3\" data-element_type=\"widget\" data-e-type=\"widget\" data-settings=\"{&quot;_ob_use_harakiri&quot;:&quot;yes&quot;,&quot;_ob_harakiri_writing_mode&quot;:&quot;inherit&quot;,&quot;_ob_harakiri_text_clip&quot;:&quot;none&quot;,&quot;_ob_perspektive_use&quot;:&quot;no&quot;,&quot;_ob_poopart_use&quot;:&quot;yes&quot;,&quot;_ob_shadough_use&quot;:&quot;no&quot;,&quot;_ob_allow_hoveranimator&quot;:&quot;no&quot;,&quot;_ob_widget_stalker_use&quot;:&quot;no&quot;}\" data-widget_type=\"heading.default\">\n\t\t\t\t<div class=\"elementor-widget-container\">\n\t\t\t\t\t<h5 class=\"elementor-heading-title elementor-size-default\">14 de noviembre de 1997 - 17 de diciembre de 1999<\/h5>\t\t\t\t<\/div>\n\t\t\t\t<\/div>\n\t\t\t\t<div class=\"elementor-element elementor-element-326feee elementor-widget-divider--view-line ob-has-background-overlay elementor-widget elementor-widget-divider\" data-id=\"326feee\" data-element_type=\"widget\" data-e-type=\"widget\" data-settings=\"{&quot;_ob_perspektive_use&quot;:&quot;no&quot;,&quot;_ob_poopart_use&quot;:&quot;yes&quot;,&quot;_ob_shadough_use&quot;:&quot;no&quot;,&quot;_ob_allow_hoveranimator&quot;:&quot;no&quot;,&quot;_ob_widget_stalker_use&quot;:&quot;no&quot;}\" data-widget_type=\"divider.default\">\n\t\t\t\t<div class=\"elementor-widget-container\">\n\t\t\t\t\t\t\t<div class=\"elementor-divider\">\n\t\t\t<span class=\"elementor-divider-separator\">\n\t\t\t\t\t\t<\/span>\n\t\t<\/div>\n\t\t\t\t\t\t<\/div>\n\t\t\t\t<\/div>\n\t\t\t\t<div class=\"elementor-element elementor-element-da91b1f ob-harakiri-inherit ob-has-background-overlay elementor-widget elementor-widget-heading\" data-id=\"da91b1f\" data-element_type=\"widget\" data-e-type=\"widget\" data-settings=\"{&quot;_ob_use_harakiri&quot;:&quot;yes&quot;,&quot;_ob_harakiri_writing_mode&quot;:&quot;inherit&quot;,&quot;_ob_harakiri_text_clip&quot;:&quot;none&quot;,&quot;_ob_perspektive_use&quot;:&quot;no&quot;,&quot;_ob_poopart_use&quot;:&quot;yes&quot;,&quot;_ob_shadough_use&quot;:&quot;no&quot;,&quot;_ob_allow_hoveranimator&quot;:&quot;no&quot;,&quot;_ob_widget_stalker_use&quot;:&quot;no&quot;}\" data-widget_type=\"heading.default\">\n\t\t\t\t<div class=\"elementor-widget-container\">\n\t\t\t\t\t<h5 class=\"elementor-heading-title elementor-size-default\">Esteban Morcillo S\u00e1nchez<\/h5>\t\t\t\t<\/div>\n\t\t\t\t<\/div>\n\t\t\t\t<div class=\"elementor-element elementor-element-2c5b768 ob-harakiri-inherit ob-has-background-overlay elementor-widget elementor-widget-text-editor\" data-id=\"2c5b768\" data-element_type=\"widget\" data-e-type=\"widget\" data-settings=\"{&quot;_ob_use_harakiri&quot;:&quot;yes&quot;,&quot;_ob_harakiri_writing_mode&quot;:&quot;inherit&quot;,&quot;_ob_postman_use&quot;:&quot;no&quot;,&quot;_ob_perspektive_use&quot;:&quot;no&quot;,&quot;_ob_poopart_use&quot;:&quot;yes&quot;,&quot;_ob_shadough_use&quot;:&quot;no&quot;,&quot;_ob_allow_hoveranimator&quot;:&quot;no&quot;,&quot;_ob_widget_stalker_use&quot;:&quot;no&quot;}\" data-widget_type=\"text-editor.default\">\n\t\t\t\t<div class=\"elementor-widget-container\">\n\t\t\t\t\t\t\t\t\t<p style=\"text-align: left;\">Catedr\u00e1tico de Farmacolog\u00eda<br \/>Facultad de Medicina y Odontolog\u00eda<br \/>Universidad de Valencia<\/p>\n\t\t\t\t\t\t\t\t<\/div>\n\t\t\t\t<\/div>\n\t\t\t\t\t<\/div>\n\t\t<\/div>\n\t\t\t\t\t<\/div>\n\t\t<\/section>\n\t\t\t\t<section class=\"ob-is-breaking-bad ob-bb-inner elementor-section elementor-inner-section elementor-element elementor-element-31fd60c elementor-section-boxed elementor-section-height-default elementor-section-height-default\" data-id=\"31fd60c\" data-element_type=\"section\" data-e-type=\"section\" data-settings=\"{&quot;_ob_bbad_use_it&quot;:&quot;yes&quot;,&quot;_ob_bbad_sssic_use&quot;:&quot;no&quot;,&quot;_ob_glider_is_slider&quot;:&quot;no&quot;}\">\n\t\t\t\t\t\t<div class=\"elementor-container elementor-column-gap-default\">\n\t\t\t\t\t<div class=\"elementor-column elementor-col-12 elementor-inner-column elementor-element elementor-element-4f77062\" data-id=\"4f77062\" data-element_type=\"column\" data-e-type=\"column\" data-settings=\"{&quot;_ob_bbad_is_stalker&quot;:&quot;no&quot;,&quot;_ob_teleporter_use&quot;:false,&quot;_ob_column_hoveranimator&quot;:&quot;no&quot;,&quot;_ob_column_has_pseudo&quot;:&quot;no&quot;}\">\n\t\t\t<div class=\"elementor-widget-wrap elementor-element-populated\">\n\t\t\t\t\t\t<div class=\"elementor-element elementor-element-5dbdcf2 ob-harakiri-inherit ob-has-background-overlay elementor-widget elementor-widget-heading\" data-id=\"5dbdcf2\" data-element_type=\"widget\" data-e-type=\"widget\" data-settings=\"{&quot;_ob_use_harakiri&quot;:&quot;yes&quot;,&quot;_ob_harakiri_writing_mode&quot;:&quot;inherit&quot;,&quot;_ob_harakiri_text_clip&quot;:&quot;none&quot;,&quot;_ob_perspektive_use&quot;:&quot;no&quot;,&quot;_ob_poopart_use&quot;:&quot;yes&quot;,&quot;_ob_shadough_use&quot;:&quot;no&quot;,&quot;_ob_allow_hoveranimator&quot;:&quot;no&quot;,&quot;_ob_widget_stalker_use&quot;:&quot;no&quot;}\" data-widget_type=\"heading.default\">\n\t\t\t\t<div class=\"elementor-widget-container\">\n\t\t\t\t\t<h5 class=\"elementor-heading-title elementor-size-default\">18 de enero de 1996 - 14 de noviembre de 1997<\/h5>\t\t\t\t<\/div>\n\t\t\t\t<\/div>\n\t\t\t\t<div class=\"elementor-element elementor-element-3b213b9 elementor-widget-divider--view-line ob-has-background-overlay elementor-widget elementor-widget-divider\" data-id=\"3b213b9\" data-element_type=\"widget\" data-e-type=\"widget\" data-settings=\"{&quot;_ob_perspektive_use&quot;:&quot;no&quot;,&quot;_ob_poopart_use&quot;:&quot;yes&quot;,&quot;_ob_shadough_use&quot;:&quot;no&quot;,&quot;_ob_allow_hoveranimator&quot;:&quot;no&quot;,&quot;_ob_widget_stalker_use&quot;:&quot;no&quot;}\" data-widget_type=\"divider.default\">\n\t\t\t\t<div class=\"elementor-widget-container\">\n\t\t\t\t\t\t\t<div class=\"elementor-divider\">\n\t\t\t<span class=\"elementor-divider-separator\">\n\t\t\t\t\t\t<\/span>\n\t\t<\/div>\n\t\t\t\t\t\t<\/div>\n\t\t\t\t<\/div>\n\t\t\t\t<div class=\"elementor-element elementor-element-46f83d3 ob-harakiri-inherit ob-has-background-overlay elementor-widget elementor-widget-heading\" data-id=\"46f83d3\" data-element_type=\"widget\" data-e-type=\"widget\" data-settings=\"{&quot;_ob_use_harakiri&quot;:&quot;yes&quot;,&quot;_ob_harakiri_writing_mode&quot;:&quot;inherit&quot;,&quot;_ob_harakiri_text_clip&quot;:&quot;none&quot;,&quot;_ob_perspektive_use&quot;:&quot;no&quot;,&quot;_ob_poopart_use&quot;:&quot;yes&quot;,&quot;_ob_shadough_use&quot;:&quot;no&quot;,&quot;_ob_allow_hoveranimator&quot;:&quot;no&quot;,&quot;_ob_widget_stalker_use&quot;:&quot;no&quot;}\" data-widget_type=\"heading.default\">\n\t\t\t\t<div class=\"elementor-widget-container\">\n\t\t\t\t\t<h5 class=\"elementor-heading-title elementor-size-default\">Juan Tamargo Men\u00e9ndez<\/h5>\t\t\t\t<\/div>\n\t\t\t\t<\/div>\n\t\t\t\t<div class=\"elementor-element elementor-element-98d7f75 ob-harakiri-inherit ob-has-background-overlay elementor-widget elementor-widget-text-editor\" data-id=\"98d7f75\" data-element_type=\"widget\" data-e-type=\"widget\" data-settings=\"{&quot;_ob_use_harakiri&quot;:&quot;yes&quot;,&quot;_ob_harakiri_writing_mode&quot;:&quot;inherit&quot;,&quot;_ob_postman_use&quot;:&quot;no&quot;,&quot;_ob_perspektive_use&quot;:&quot;no&quot;,&quot;_ob_poopart_use&quot;:&quot;yes&quot;,&quot;_ob_shadough_use&quot;:&quot;no&quot;,&quot;_ob_allow_hoveranimator&quot;:&quot;no&quot;,&quot;_ob_widget_stalker_use&quot;:&quot;no&quot;}\" data-widget_type=\"text-editor.default\">\n\t\t\t\t<div class=\"elementor-widget-container\">\n\t\t\t\t\t\t\t\t\t<p style=\"text-align: left;\">Catedr\u00e1tico de Farmacolog\u00eda<br \/>Facultad de Medicina<br \/>Universidad Complutense de Madrid<\/p>\n\t\t\t\t\t\t\t\t<\/div>\n\t\t\t\t<\/div>\n\t\t\t\t\t<\/div>\n\t\t<\/div>\n\t\t\t\t<div class=\"elementor-column elementor-col-12 elementor-inner-column elementor-element elementor-element-e7ff800\" data-id=\"e7ff800\" data-element_type=\"column\" data-e-type=\"column\" data-settings=\"{&quot;_ob_bbad_is_stalker&quot;:&quot;no&quot;,&quot;_ob_teleporter_use&quot;:false,&quot;_ob_column_hoveranimator&quot;:&quot;no&quot;,&quot;_ob_column_has_pseudo&quot;:&quot;no&quot;}\">\n\t\t\t<div class=\"elementor-widget-wrap elementor-element-populated\">\n\t\t\t\t\t\t<div class=\"elementor-element elementor-element-b76fc27 ob-harakiri-inherit ob-has-background-overlay elementor-widget elementor-widget-heading\" data-id=\"b76fc27\" data-element_type=\"widget\" data-e-type=\"widget\" data-settings=\"{&quot;_ob_use_harakiri&quot;:&quot;yes&quot;,&quot;_ob_harakiri_writing_mode&quot;:&quot;inherit&quot;,&quot;_ob_harakiri_text_clip&quot;:&quot;none&quot;,&quot;_ob_perspektive_use&quot;:&quot;no&quot;,&quot;_ob_poopart_use&quot;:&quot;yes&quot;,&quot;_ob_shadough_use&quot;:&quot;no&quot;,&quot;_ob_allow_hoveranimator&quot;:&quot;no&quot;,&quot;_ob_widget_stalker_use&quot;:&quot;no&quot;}\" data-widget_type=\"heading.default\">\n\t\t\t\t<div class=\"elementor-widget-container\">\n\t\t\t\t\t<h5 class=\"elementor-heading-title elementor-size-default\">30 de noviembre de 1993 - 18 de enero de 1996<\/h5>\t\t\t\t<\/div>\n\t\t\t\t<\/div>\n\t\t\t\t<div class=\"elementor-element elementor-element-b9afa28 elementor-widget-divider--view-line ob-has-background-overlay elementor-widget elementor-widget-divider\" data-id=\"b9afa28\" data-element_type=\"widget\" data-e-type=\"widget\" data-settings=\"{&quot;_ob_perspektive_use&quot;:&quot;no&quot;,&quot;_ob_poopart_use&quot;:&quot;yes&quot;,&quot;_ob_shadough_use&quot;:&quot;no&quot;,&quot;_ob_allow_hoveranimator&quot;:&quot;no&quot;,&quot;_ob_widget_stalker_use&quot;:&quot;no&quot;}\" data-widget_type=\"divider.default\">\n\t\t\t\t<div class=\"elementor-widget-container\">\n\t\t\t\t\t\t\t<div class=\"elementor-divider\">\n\t\t\t<span class=\"elementor-divider-separator\">\n\t\t\t\t\t\t<\/span>\n\t\t<\/div>\n\t\t\t\t\t\t<\/div>\n\t\t\t\t<\/div>\n\t\t\t\t<div class=\"elementor-element elementor-element-3c2fff9 ob-harakiri-inherit ob-has-background-overlay elementor-widget elementor-widget-heading\" data-id=\"3c2fff9\" data-element_type=\"widget\" data-e-type=\"widget\" data-settings=\"{&quot;_ob_use_harakiri&quot;:&quot;yes&quot;,&quot;_ob_harakiri_writing_mode&quot;:&quot;inherit&quot;,&quot;_ob_harakiri_text_clip&quot;:&quot;none&quot;,&quot;_ob_perspektive_use&quot;:&quot;no&quot;,&quot;_ob_poopart_use&quot;:&quot;yes&quot;,&quot;_ob_shadough_use&quot;:&quot;no&quot;,&quot;_ob_allow_hoveranimator&quot;:&quot;no&quot;,&quot;_ob_widget_stalker_use&quot;:&quot;no&quot;}\" data-widget_type=\"heading.default\">\n\t\t\t\t<div class=\"elementor-widget-container\">\n\t\t\t\t\t<h5 class=\"elementor-heading-title elementor-size-default\">Jes\u00fas Andr\u00e9s Garc\u00eda-Sevilla<\/h5>\t\t\t\t<\/div>\n\t\t\t\t<\/div>\n\t\t\t\t<div class=\"elementor-element elementor-element-bf3dba2 ob-harakiri-inherit ob-has-background-overlay elementor-widget elementor-widget-text-editor\" data-id=\"bf3dba2\" data-element_type=\"widget\" data-e-type=\"widget\" data-settings=\"{&quot;_ob_use_harakiri&quot;:&quot;yes&quot;,&quot;_ob_harakiri_writing_mode&quot;:&quot;inherit&quot;,&quot;_ob_postman_use&quot;:&quot;no&quot;,&quot;_ob_perspektive_use&quot;:&quot;no&quot;,&quot;_ob_poopart_use&quot;:&quot;yes&quot;,&quot;_ob_shadough_use&quot;:&quot;no&quot;,&quot;_ob_allow_hoveranimator&quot;:&quot;no&quot;,&quot;_ob_widget_stalker_use&quot;:&quot;no&quot;}\" data-widget_type=\"text-editor.default\">\n\t\t\t\t<div class=\"elementor-widget-container\">\n\t\t\t\t\t\t\t\t\t<p style=\"text-align: left;\">Catedr\u00e1tico de Farmacolog\u00eda<br \/>IUNICS<br \/>Universitat de les Illes Balears<\/p>\n\t\t\t\t\t\t\t\t<\/div>\n\t\t\t\t<\/div>\n\t\t\t\t\t<\/div>\n\t\t<\/div>\n\t\t\t\t<div class=\"elementor-column elementor-col-12 elementor-inner-column elementor-element elementor-element-8919d29\" data-id=\"8919d29\" data-element_type=\"column\" data-e-type=\"column\" data-settings=\"{&quot;_ob_bbad_is_stalker&quot;:&quot;no&quot;,&quot;_ob_teleporter_use&quot;:false,&quot;_ob_column_hoveranimator&quot;:&quot;no&quot;,&quot;_ob_column_has_pseudo&quot;:&quot;no&quot;}\">\n\t\t\t<div class=\"elementor-widget-wrap elementor-element-populated\">\n\t\t\t\t\t\t<div class=\"elementor-element elementor-element-f1d5628 ob-harakiri-inherit ob-has-background-overlay elementor-widget elementor-widget-heading\" data-id=\"f1d5628\" data-element_type=\"widget\" data-e-type=\"widget\" data-settings=\"{&quot;_ob_use_harakiri&quot;:&quot;yes&quot;,&quot;_ob_harakiri_writing_mode&quot;:&quot;inherit&quot;,&quot;_ob_harakiri_text_clip&quot;:&quot;none&quot;,&quot;_ob_perspektive_use&quot;:&quot;no&quot;,&quot;_ob_poopart_use&quot;:&quot;yes&quot;,&quot;_ob_shadough_use&quot;:&quot;no&quot;,&quot;_ob_allow_hoveranimator&quot;:&quot;no&quot;,&quot;_ob_widget_stalker_use&quot;:&quot;no&quot;}\" data-widget_type=\"heading.default\">\n\t\t\t\t<div class=\"elementor-widget-container\">\n\t\t\t\t\t<h5 class=\"elementor-heading-title elementor-size-default\">1990 - 30 de noviembre de 1993<\/h5>\t\t\t\t<\/div>\n\t\t\t\t<\/div>\n\t\t\t\t<div class=\"elementor-element elementor-element-ba00469 elementor-widget-divider--view-line ob-has-background-overlay elementor-widget elementor-widget-divider\" data-id=\"ba00469\" data-element_type=\"widget\" data-e-type=\"widget\" data-settings=\"{&quot;_ob_perspektive_use&quot;:&quot;no&quot;,&quot;_ob_poopart_use&quot;:&quot;yes&quot;,&quot;_ob_shadough_use&quot;:&quot;no&quot;,&quot;_ob_allow_hoveranimator&quot;:&quot;no&quot;,&quot;_ob_widget_stalker_use&quot;:&quot;no&quot;}\" data-widget_type=\"divider.default\">\n\t\t\t\t<div class=\"elementor-widget-container\">\n\t\t\t\t\t\t\t<div class=\"elementor-divider\">\n\t\t\t<span class=\"elementor-divider-separator\">\n\t\t\t\t\t\t<\/span>\n\t\t<\/div>\n\t\t\t\t\t\t<\/div>\n\t\t\t\t<\/div>\n\t\t\t\t<div class=\"elementor-element elementor-element-085c4d0 ob-harakiri-inherit ob-has-background-overlay elementor-widget elementor-widget-heading\" data-id=\"085c4d0\" data-element_type=\"widget\" data-e-type=\"widget\" data-settings=\"{&quot;_ob_use_harakiri&quot;:&quot;yes&quot;,&quot;_ob_harakiri_writing_mode&quot;:&quot;inherit&quot;,&quot;_ob_harakiri_text_clip&quot;:&quot;none&quot;,&quot;_ob_perspektive_use&quot;:&quot;no&quot;,&quot;_ob_poopart_use&quot;:&quot;yes&quot;,&quot;_ob_shadough_use&quot;:&quot;no&quot;,&quot;_ob_allow_hoveranimator&quot;:&quot;no&quot;,&quot;_ob_widget_stalker_use&quot;:&quot;no&quot;}\" data-widget_type=\"heading.default\">\n\t\t\t\t<div class=\"elementor-widget-container\">\n\t\t\t\t\t<h5 class=\"elementor-heading-title elementor-size-default\">Jos\u00e9 Serrano Molina<\/h5>\t\t\t\t<\/div>\n\t\t\t\t<\/div>\n\t\t\t\t<div class=\"elementor-element elementor-element-97e5562 ob-harakiri-inherit ob-has-background-overlay elementor-widget elementor-widget-text-editor\" data-id=\"97e5562\" data-element_type=\"widget\" data-e-type=\"widget\" data-settings=\"{&quot;_ob_use_harakiri&quot;:&quot;yes&quot;,&quot;_ob_harakiri_writing_mode&quot;:&quot;inherit&quot;,&quot;_ob_postman_use&quot;:&quot;no&quot;,&quot;_ob_perspektive_use&quot;:&quot;no&quot;,&quot;_ob_poopart_use&quot;:&quot;yes&quot;,&quot;_ob_shadough_use&quot;:&quot;no&quot;,&quot;_ob_allow_hoveranimator&quot;:&quot;no&quot;,&quot;_ob_widget_stalker_use&quot;:&quot;no&quot;}\" data-widget_type=\"text-editor.default\">\n\t\t\t\t<div class=\"elementor-widget-container\">\n\t\t\t\t\t\t\t\t\t<p style=\"text-align: left;\">Catedr\u00e1tico de Farmacolog\u00eda<br \/>Facultad de Medicina<br \/>Universidad de Sevilla<\/p>\n\t\t\t\t\t\t\t\t<\/div>\n\t\t\t\t<\/div>\n\t\t\t\t\t<\/div>\n\t\t<\/div>\n\t\t\t\t<div class=\"elementor-column elementor-col-12 elementor-inner-column elementor-element elementor-element-f99853e\" data-id=\"f99853e\" data-element_type=\"column\" data-e-type=\"column\" data-settings=\"{&quot;_ob_bbad_is_stalker&quot;:&quot;no&quot;,&quot;_ob_teleporter_use&quot;:false,&quot;_ob_column_hoveranimator&quot;:&quot;no&quot;,&quot;_ob_column_has_pseudo&quot;:&quot;no&quot;}\">\n\t\t\t<div class=\"elementor-widget-wrap elementor-element-populated\">\n\t\t\t\t\t\t<div class=\"elementor-element elementor-element-374f31a ob-harakiri-inherit ob-has-background-overlay elementor-widget elementor-widget-heading\" data-id=\"374f31a\" data-element_type=\"widget\" data-e-type=\"widget\" data-settings=\"{&quot;_ob_use_harakiri&quot;:&quot;yes&quot;,&quot;_ob_harakiri_writing_mode&quot;:&quot;inherit&quot;,&quot;_ob_harakiri_text_clip&quot;:&quot;none&quot;,&quot;_ob_perspektive_use&quot;:&quot;no&quot;,&quot;_ob_poopart_use&quot;:&quot;yes&quot;,&quot;_ob_shadough_use&quot;:&quot;no&quot;,&quot;_ob_allow_hoveranimator&quot;:&quot;no&quot;,&quot;_ob_widget_stalker_use&quot;:&quot;no&quot;}\" data-widget_type=\"heading.default\">\n\t\t\t\t<div class=\"elementor-widget-container\">\n\t\t\t\t\t<h5 class=\"elementor-heading-title elementor-size-default\">1986 - 1989<\/h5>\t\t\t\t<\/div>\n\t\t\t\t<\/div>\n\t\t\t\t<div class=\"elementor-element elementor-element-379d5c6 elementor-widget-divider--view-line ob-has-background-overlay elementor-widget elementor-widget-divider\" data-id=\"379d5c6\" data-element_type=\"widget\" data-e-type=\"widget\" data-settings=\"{&quot;_ob_perspektive_use&quot;:&quot;no&quot;,&quot;_ob_poopart_use&quot;:&quot;yes&quot;,&quot;_ob_shadough_use&quot;:&quot;no&quot;,&quot;_ob_allow_hoveranimator&quot;:&quot;no&quot;,&quot;_ob_widget_stalker_use&quot;:&quot;no&quot;}\" data-widget_type=\"divider.default\">\n\t\t\t\t<div class=\"elementor-widget-container\">\n\t\t\t\t\t\t\t<div class=\"elementor-divider\">\n\t\t\t<span class=\"elementor-divider-separator\">\n\t\t\t\t\t\t<\/span>\n\t\t<\/div>\n\t\t\t\t\t\t<\/div>\n\t\t\t\t<\/div>\n\t\t\t\t<div class=\"elementor-element elementor-element-1904169 ob-harakiri-inherit ob-has-background-overlay elementor-widget elementor-widget-heading\" data-id=\"1904169\" data-element_type=\"widget\" data-e-type=\"widget\" data-settings=\"{&quot;_ob_use_harakiri&quot;:&quot;yes&quot;,&quot;_ob_harakiri_writing_mode&quot;:&quot;inherit&quot;,&quot;_ob_harakiri_text_clip&quot;:&quot;none&quot;,&quot;_ob_perspektive_use&quot;:&quot;no&quot;,&quot;_ob_poopart_use&quot;:&quot;yes&quot;,&quot;_ob_shadough_use&quot;:&quot;no&quot;,&quot;_ob_allow_hoveranimator&quot;:&quot;no&quot;,&quot;_ob_widget_stalker_use&quot;:&quot;no&quot;}\" data-widget_type=\"heading.default\">\n\t\t\t\t<div class=\"elementor-widget-container\">\n\t\t\t\t\t<h5 class=\"elementor-heading-title elementor-size-default\">Jes\u00fas Fl\u00f3rez Beledo<\/h5>\t\t\t\t<\/div>\n\t\t\t\t<\/div>\n\t\t\t\t<div class=\"elementor-element elementor-element-aeb43e1 ob-harakiri-inherit ob-has-background-overlay elementor-widget elementor-widget-text-editor\" data-id=\"aeb43e1\" data-element_type=\"widget\" data-e-type=\"widget\" data-settings=\"{&quot;_ob_use_harakiri&quot;:&quot;yes&quot;,&quot;_ob_harakiri_writing_mode&quot;:&quot;inherit&quot;,&quot;_ob_postman_use&quot;:&quot;no&quot;,&quot;_ob_perspektive_use&quot;:&quot;no&quot;,&quot;_ob_poopart_use&quot;:&quot;yes&quot;,&quot;_ob_shadough_use&quot;:&quot;no&quot;,&quot;_ob_allow_hoveranimator&quot;:&quot;no&quot;,&quot;_ob_widget_stalker_use&quot;:&quot;no&quot;}\" data-widget_type=\"text-editor.default\">\n\t\t\t\t<div class=\"elementor-widget-container\">\n\t\t\t\t\t\t\t\t\t<p style=\"text-align: left;\">Catedr\u00e1tico de Farmacolog\u00eda<br \/>Presidente, Fundaci\u00f3n Iberoamericana Down21<\/p>\n\t\t\t\t\t\t\t\t<\/div>\n\t\t\t\t<\/div>\n\t\t\t\t\t<\/div>\n\t\t<\/div>\n\t\t\t\t<div class=\"elementor-column elementor-col-12 elementor-inner-column elementor-element elementor-element-48a19ab\" data-id=\"48a19ab\" data-element_type=\"column\" data-e-type=\"column\" data-settings=\"{&quot;_ob_bbad_is_stalker&quot;:&quot;no&quot;,&quot;_ob_teleporter_use&quot;:false,&quot;_ob_column_hoveranimator&quot;:&quot;no&quot;,&quot;_ob_column_has_pseudo&quot;:&quot;no&quot;}\">\n\t\t\t<div class=\"elementor-widget-wrap elementor-element-populated\">\n\t\t\t\t\t\t<div class=\"elementor-element elementor-element-959c1ff ob-harakiri-inherit ob-has-background-overlay elementor-widget elementor-widget-heading\" data-id=\"959c1ff\" data-element_type=\"widget\" data-e-type=\"widget\" data-settings=\"{&quot;_ob_use_harakiri&quot;:&quot;yes&quot;,&quot;_ob_harakiri_writing_mode&quot;:&quot;inherit&quot;,&quot;_ob_harakiri_text_clip&quot;:&quot;none&quot;,&quot;_ob_perspektive_use&quot;:&quot;no&quot;,&quot;_ob_poopart_use&quot;:&quot;yes&quot;,&quot;_ob_shadough_use&quot;:&quot;no&quot;,&quot;_ob_allow_hoveranimator&quot;:&quot;no&quot;,&quot;_ob_widget_stalker_use&quot;:&quot;no&quot;}\" data-widget_type=\"heading.default\">\n\t\t\t\t<div class=\"elementor-widget-container\">\n\t\t\t\t\t<h5 class=\"elementor-heading-title elementor-size-default\">1982 - 1985<\/h5>\t\t\t\t<\/div>\n\t\t\t\t<\/div>\n\t\t\t\t<div class=\"elementor-element elementor-element-c435f5b elementor-widget-divider--view-line ob-has-background-overlay elementor-widget elementor-widget-divider\" data-id=\"c435f5b\" data-element_type=\"widget\" data-e-type=\"widget\" data-settings=\"{&quot;_ob_perspektive_use&quot;:&quot;no&quot;,&quot;_ob_poopart_use&quot;:&quot;yes&quot;,&quot;_ob_shadough_use&quot;:&quot;no&quot;,&quot;_ob_allow_hoveranimator&quot;:&quot;no&quot;,&quot;_ob_widget_stalker_use&quot;:&quot;no&quot;}\" data-widget_type=\"divider.default\">\n\t\t\t\t<div class=\"elementor-widget-container\">\n\t\t\t\t\t\t\t<div class=\"elementor-divider\">\n\t\t\t<span class=\"elementor-divider-separator\">\n\t\t\t\t\t\t<\/span>\n\t\t<\/div>\n\t\t\t\t\t\t<\/div>\n\t\t\t\t<\/div>\n\t\t\t\t<div class=\"elementor-element elementor-element-2962016 ob-harakiri-inherit ob-has-background-overlay elementor-widget elementor-widget-heading\" data-id=\"2962016\" data-element_type=\"widget\" data-e-type=\"widget\" data-settings=\"{&quot;_ob_use_harakiri&quot;:&quot;yes&quot;,&quot;_ob_harakiri_writing_mode&quot;:&quot;inherit&quot;,&quot;_ob_harakiri_text_clip&quot;:&quot;none&quot;,&quot;_ob_perspektive_use&quot;:&quot;no&quot;,&quot;_ob_poopart_use&quot;:&quot;yes&quot;,&quot;_ob_shadough_use&quot;:&quot;no&quot;,&quot;_ob_allow_hoveranimator&quot;:&quot;no&quot;,&quot;_ob_widget_stalker_use&quot;:&quot;no&quot;}\" data-widget_type=\"heading.default\">\n\t\t\t\t<div class=\"elementor-widget-container\">\n\t\t\t\t\t<h5 class=\"elementor-heading-title elementor-size-default\">Sergio Erill S\u00e1ez<\/h5>\t\t\t\t<\/div>\n\t\t\t\t<\/div>\n\t\t\t\t<div class=\"elementor-element elementor-element-446bde7 ob-harakiri-inherit ob-has-background-overlay elementor-widget elementor-widget-text-editor\" data-id=\"446bde7\" data-element_type=\"widget\" data-e-type=\"widget\" data-settings=\"{&quot;_ob_use_harakiri&quot;:&quot;yes&quot;,&quot;_ob_harakiri_writing_mode&quot;:&quot;inherit&quot;,&quot;_ob_postman_use&quot;:&quot;no&quot;,&quot;_ob_perspektive_use&quot;:&quot;no&quot;,&quot;_ob_poopart_use&quot;:&quot;yes&quot;,&quot;_ob_shadough_use&quot;:&quot;no&quot;,&quot;_ob_allow_hoveranimator&quot;:&quot;no&quot;,&quot;_ob_widget_stalker_use&quot;:&quot;no&quot;}\" data-widget_type=\"text-editor.default\">\n\t\t\t\t<div class=\"elementor-widget-container\">\n\t\t\t\t\t\t\t\t\t<p style=\"text-align: left;\">Catedr\u00e1tico de Farmacolog\u00eda<br \/>Director de la Fundaci\u00f3n Dr. Antonio Esteve<\/p>\n\t\t\t\t\t\t\t\t<\/div>\n\t\t\t\t<\/div>\n\t\t\t\t\t<\/div>\n\t\t<\/div>\n\t\t\t\t<div class=\"elementor-column elementor-col-12 elementor-inner-column elementor-element elementor-element-efdb7bf\" data-id=\"efdb7bf\" data-element_type=\"column\" data-e-type=\"column\" data-settings=\"{&quot;_ob_bbad_is_stalker&quot;:&quot;no&quot;,&quot;_ob_teleporter_use&quot;:false,&quot;_ob_column_hoveranimator&quot;:&quot;no&quot;,&quot;_ob_column_has_pseudo&quot;:&quot;no&quot;}\">\n\t\t\t<div class=\"elementor-widget-wrap elementor-element-populated\">\n\t\t\t\t\t\t<div class=\"elementor-element elementor-element-7075788 ob-harakiri-inherit ob-has-background-overlay elementor-widget elementor-widget-heading\" data-id=\"7075788\" data-element_type=\"widget\" data-e-type=\"widget\" data-settings=\"{&quot;_ob_use_harakiri&quot;:&quot;yes&quot;,&quot;_ob_harakiri_writing_mode&quot;:&quot;inherit&quot;,&quot;_ob_harakiri_text_clip&quot;:&quot;none&quot;,&quot;_ob_perspektive_use&quot;:&quot;no&quot;,&quot;_ob_poopart_use&quot;:&quot;yes&quot;,&quot;_ob_shadough_use&quot;:&quot;no&quot;,&quot;_ob_allow_hoveranimator&quot;:&quot;no&quot;,&quot;_ob_widget_stalker_use&quot;:&quot;no&quot;}\" data-widget_type=\"heading.default\">\n\t\t\t\t<div class=\"elementor-widget-container\">\n\t\t\t\t\t<h5 class=\"elementor-heading-title elementor-size-default\">1978 - 1981<\/h5>\t\t\t\t<\/div>\n\t\t\t\t<\/div>\n\t\t\t\t<div class=\"elementor-element elementor-element-856734d elementor-widget-divider--view-line ob-has-background-overlay elementor-widget elementor-widget-divider\" data-id=\"856734d\" data-element_type=\"widget\" data-e-type=\"widget\" data-settings=\"{&quot;_ob_perspektive_use&quot;:&quot;no&quot;,&quot;_ob_poopart_use&quot;:&quot;yes&quot;,&quot;_ob_shadough_use&quot;:&quot;no&quot;,&quot;_ob_allow_hoveranimator&quot;:&quot;no&quot;,&quot;_ob_widget_stalker_use&quot;:&quot;no&quot;}\" data-widget_type=\"divider.default\">\n\t\t\t\t<div class=\"elementor-widget-container\">\n\t\t\t\t\t\t\t<div class=\"elementor-divider\">\n\t\t\t<span class=\"elementor-divider-separator\">\n\t\t\t\t\t\t<\/span>\n\t\t<\/div>\n\t\t\t\t\t\t<\/div>\n\t\t\t\t<\/div>\n\t\t\t\t<div class=\"elementor-element elementor-element-d3b4d59 ob-harakiri-inherit ob-has-background-overlay elementor-widget elementor-widget-heading\" data-id=\"d3b4d59\" data-element_type=\"widget\" data-e-type=\"widget\" data-settings=\"{&quot;_ob_use_harakiri&quot;:&quot;yes&quot;,&quot;_ob_harakiri_writing_mode&quot;:&quot;inherit&quot;,&quot;_ob_harakiri_text_clip&quot;:&quot;none&quot;,&quot;_ob_perspektive_use&quot;:&quot;no&quot;,&quot;_ob_poopart_use&quot;:&quot;yes&quot;,&quot;_ob_shadough_use&quot;:&quot;no&quot;,&quot;_ob_allow_hoveranimator&quot;:&quot;no&quot;,&quot;_ob_widget_stalker_use&quot;:&quot;no&quot;}\" data-widget_type=\"heading.default\">\n\t\t\t\t<div class=\"elementor-widget-container\">\n\t\t\t\t\t<h5 class=\"elementor-heading-title elementor-size-default\">Eduardo Cuenca Fern\u00e1ndez<\/h5>\t\t\t\t<\/div>\n\t\t\t\t<\/div>\n\t\t\t\t<div class=\"elementor-element elementor-element-b588615 ob-harakiri-inherit ob-has-background-overlay elementor-widget elementor-widget-text-editor\" data-id=\"b588615\" data-element_type=\"widget\" data-e-type=\"widget\" data-settings=\"{&quot;_ob_use_harakiri&quot;:&quot;yes&quot;,&quot;_ob_harakiri_writing_mode&quot;:&quot;inherit&quot;,&quot;_ob_postman_use&quot;:&quot;no&quot;,&quot;_ob_perspektive_use&quot;:&quot;no&quot;,&quot;_ob_poopart_use&quot;:&quot;yes&quot;,&quot;_ob_shadough_use&quot;:&quot;no&quot;,&quot;_ob_allow_hoveranimator&quot;:&quot;no&quot;,&quot;_ob_widget_stalker_use&quot;:&quot;no&quot;}\" data-widget_type=\"text-editor.default\">\n\t\t\t\t<div class=\"elementor-widget-container\">\n\t\t\t\t\t\t\t\t\t<p style=\"text-align: left;\">Catedr\u00e1tico de Farmacolog\u00eda<br \/>Facultad de Medicina<br \/>Universidad de Alcal\u00e1 de Henares<\/p>\n<p style=\"text-align: left;\">\u00a0<\/p>\n\t\t\t\t\t\t\t\t<\/div>\n\t\t\t\t<\/div>\n\t\t\t\t\t<\/div>\n\t\t<\/div>\n\t\t\t\t<div class=\"elementor-column elementor-col-12 elementor-inner-column elementor-element elementor-element-a891e19\" data-id=\"a891e19\" data-element_type=\"column\" data-e-type=\"column\" data-settings=\"{&quot;_ob_bbad_is_stalker&quot;:&quot;no&quot;,&quot;_ob_teleporter_use&quot;:false,&quot;_ob_column_hoveranimator&quot;:&quot;no&quot;,&quot;_ob_column_has_pseudo&quot;:&quot;no&quot;}\">\n\t\t\t<div class=\"elementor-widget-wrap elementor-element-populated\">\n\t\t\t\t\t\t<div class=\"elementor-element elementor-element-9b77fc8 ob-harakiri-inherit ob-has-background-overlay elementor-widget elementor-widget-heading\" data-id=\"9b77fc8\" data-element_type=\"widget\" data-e-type=\"widget\" data-settings=\"{&quot;_ob_use_harakiri&quot;:&quot;yes&quot;,&quot;_ob_harakiri_writing_mode&quot;:&quot;inherit&quot;,&quot;_ob_harakiri_text_clip&quot;:&quot;none&quot;,&quot;_ob_perspektive_use&quot;:&quot;no&quot;,&quot;_ob_poopart_use&quot;:&quot;yes&quot;,&quot;_ob_shadough_use&quot;:&quot;no&quot;,&quot;_ob_allow_hoveranimator&quot;:&quot;no&quot;,&quot;_ob_widget_stalker_use&quot;:&quot;no&quot;}\" data-widget_type=\"heading.default\">\n\t\t\t\t<div class=\"elementor-widget-container\">\n\t\t\t\t\t<h5 class=\"elementor-heading-title elementor-size-default\">1972 - 1977<\/h5>\t\t\t\t<\/div>\n\t\t\t\t<\/div>\n\t\t\t\t<div class=\"elementor-element elementor-element-39eaa8e elementor-widget-divider--view-line ob-has-background-overlay elementor-widget elementor-widget-divider\" data-id=\"39eaa8e\" data-element_type=\"widget\" data-e-type=\"widget\" data-settings=\"{&quot;_ob_perspektive_use&quot;:&quot;no&quot;,&quot;_ob_poopart_use&quot;:&quot;yes&quot;,&quot;_ob_shadough_use&quot;:&quot;no&quot;,&quot;_ob_allow_hoveranimator&quot;:&quot;no&quot;,&quot;_ob_widget_stalker_use&quot;:&quot;no&quot;}\" data-widget_type=\"divider.default\">\n\t\t\t\t<div class=\"elementor-widget-container\">\n\t\t\t\t\t\t\t<div class=\"elementor-divider\">\n\t\t\t<span class=\"elementor-divider-separator\">\n\t\t\t\t\t\t<\/span>\n\t\t<\/div>\n\t\t\t\t\t\t<\/div>\n\t\t\t\t<\/div>\n\t\t\t\t<div class=\"elementor-element elementor-element-5c3e5f3 ob-harakiri-inherit ob-has-background-overlay elementor-widget elementor-widget-heading\" data-id=\"5c3e5f3\" data-element_type=\"widget\" data-e-type=\"widget\" data-settings=\"{&quot;_ob_use_harakiri&quot;:&quot;yes&quot;,&quot;_ob_harakiri_writing_mode&quot;:&quot;inherit&quot;,&quot;_ob_harakiri_text_clip&quot;:&quot;none&quot;,&quot;_ob_perspektive_use&quot;:&quot;no&quot;,&quot;_ob_poopart_use&quot;:&quot;yes&quot;,&quot;_ob_shadough_use&quot;:&quot;no&quot;,&quot;_ob_allow_hoveranimator&quot;:&quot;no&quot;,&quot;_ob_widget_stalker_use&quot;:&quot;no&quot;}\" data-widget_type=\"heading.default\">\n\t\t\t\t<div class=\"elementor-widget-container\">\n\t\t\t\t\t<h5 class=\"elementor-heading-title elementor-size-default\">Manuel Fraile de Blas<\/h5>\t\t\t\t<\/div>\n\t\t\t\t<\/div>\n\t\t\t\t\t<\/div>\n\t\t<\/div>\n\t\t\t\t<div class=\"elementor-column elementor-col-12 elementor-inner-column elementor-element elementor-element-b2d388a\" data-id=\"b2d388a\" data-element_type=\"column\" data-e-type=\"column\" data-settings=\"{&quot;_ob_bbad_is_stalker&quot;:&quot;no&quot;,&quot;_ob_teleporter_use&quot;:false,&quot;_ob_column_hoveranimator&quot;:&quot;no&quot;,&quot;_ob_column_has_pseudo&quot;:&quot;no&quot;}\">\n\t\t\t<div class=\"elementor-widget-wrap elementor-element-populated\">\n\t\t\t\t\t\t\t<\/div>\n\t\t<\/div>\n\t\t\t\t\t<\/div>\n\t\t<\/section>\n\t\t\t\t\t<\/div>\n\t\t<\/div>\n\t\t\t\t\t<\/div>\n\t\t<\/section>\n\t\t\t\t<\/div>\n\t\t","protected":false},"excerpt":{"rendered":"<p>Structure and Organization De acuerdo con sus estatutos, la ASAMBLEA GENERAL es el \u00f3rgano de decisi\u00f3n y expresi\u00f3n de la voluntad colectiva de la Sociedad, y sus acuerdos han de ser cumplidos obligatoriamente por todos los miembros de la SEF.Adem\u00e1s, la Sociedad est\u00e1 dirigida por una JUNTA DIRECTIVA, formada por 8 socios, que se eligen &#8230; <a title=\"Junta Directiva SEF\" class=\"read-more\" href=\"https:\/\/www.socesfar.es\/en\/junta-directiva-sef\/\" aria-label=\"More on Junta Directiva SEF\">Read more<\/a><\/p>\n","protected":false},"author":2,"featured_media":6260,"parent":0,"menu_order":0,"comment_status":"closed","ping_status":"closed","template":"","meta":{"footnotes":""},"class_list":["post-6732","page","type-page","status-publish","has-post-thumbnail"],"yoast_head":"<!-- This site is optimized with the Yoast SEO plugin v27.4 - https:\/\/yoast.com\/product\/yoast-seo-wordpress\/ -->\n<title>Junta Directiva SEF - Sociedad Espa\u00f1ola de Farmacolog\u00eda<\/title>\n<meta name=\"robots\" content=\"index, follow, max-snippet:-1, max-image-preview:large, max-video-preview:-1\" \/>\n<link rel=\"canonical\" href=\"https:\/\/www.socesfar.es\/en\/junta-directiva-sef\/\" \/>\n<meta property=\"og:locale\" content=\"en_US\" \/>\n<meta property=\"og:type\" content=\"article\" \/>\n<meta property=\"og:title\" content=\"Junta Directiva SEF - Sociedad Espa\u00f1ola de Farmacolog\u00eda\" \/>\n<meta property=\"og:description\" content=\"Structure and Organization De acuerdo con sus estatutos, la ASAMBLEA GENERAL es el \u00f3rgano de decisi\u00f3n y expresi\u00f3n de la voluntad colectiva de la Sociedad, y sus acuerdos han de ser cumplidos obligatoriamente por todos los miembros de la SEF.Adem\u00e1s, la Sociedad est\u00e1 dirigida por una JUNTA DIRECTIVA, formada por 8 socios, que se eligen ... Read more\" \/>\n<meta property=\"og:url\" content=\"https:\/\/www.socesfar.es\/en\/junta-directiva-sef\/\" \/>\n<meta property=\"og:site_name\" content=\"Sociedad Espa\u00f1ola de Farmacolog\u00eda\" \/>\n<meta property=\"article:modified_time\" content=\"2025-12-15T10:11:29+00:00\" \/>\n<meta property=\"og:image\" content=\"https:\/\/www.socesfar.es\/wp-content\/uploads\/2024\/02\/socesfar-new.jpg\" \/>\n\t<meta property=\"og:image:width\" content=\"1920\" \/>\n\t<meta property=\"og:image:height\" content=\"730\" \/>\n\t<meta property=\"og:image:type\" content=\"image\/jpeg\" \/>\n<meta name=\"twitter:card\" content=\"summary_large_image\" \/>\n<meta name=\"twitter:site\" content=\"@Socesfar\" \/>\n<meta name=\"twitter:label1\" content=\"Est. reading time\" \/>\n\t<meta name=\"twitter:data1\" content=\"4 minutes\" \/>\n<script type=\"application\/ld+json\" class=\"yoast-schema-graph\">{\"@context\":\"https:\\\/\\\/schema.org\",\"@graph\":[{\"@type\":\"WebPage\",\"@id\":\"https:\\\/\\\/www.socesfar.es\\\/en\\\/junta-directiva-sef\\\/\",\"url\":\"https:\\\/\\\/www.socesfar.es\\\/en\\\/junta-directiva-sef\\\/\",\"name\":\"Junta Directiva SEF - Sociedad Espa\u00f1ola de Farmacolog\u00eda\",\"isPartOf\":{\"@id\":\"https:\\\/\\\/www.socesfar.es\\\/en\\\/#website\"},\"primaryImageOfPage\":{\"@id\":\"https:\\\/\\\/www.socesfar.es\\\/en\\\/junta-directiva-sef\\\/#primaryimage\"},\"image\":{\"@id\":\"https:\\\/\\\/www.socesfar.es\\\/en\\\/junta-directiva-sef\\\/#primaryimage\"},\"thumbnailUrl\":\"https:\\\/\\\/www.socesfar.es\\\/wp-content\\\/uploads\\\/2024\\\/02\\\/socesfar-new.jpg\",\"datePublished\":\"2024-04-04T07:01:01+00:00\",\"dateModified\":\"2025-12-15T10:11:29+00:00\",\"breadcrumb\":{\"@id\":\"https:\\\/\\\/www.socesfar.es\\\/en\\\/junta-directiva-sef\\\/#breadcrumb\"},\"inLanguage\":\"en-US\",\"potentialAction\":[{\"@type\":\"ReadAction\",\"target\":[\"https:\\\/\\\/www.socesfar.es\\\/en\\\/junta-directiva-sef\\\/\"]}]},{\"@type\":\"ImageObject\",\"inLanguage\":\"en-US\",\"@id\":\"https:\\\/\\\/www.socesfar.es\\\/en\\\/junta-directiva-sef\\\/#primaryimage\",\"url\":\"https:\\\/\\\/www.socesfar.es\\\/wp-content\\\/uploads\\\/2024\\\/02\\\/socesfar-new.jpg\",\"contentUrl\":\"https:\\\/\\\/www.socesfar.es\\\/wp-content\\\/uploads\\\/2024\\\/02\\\/socesfar-new.jpg\",\"width\":1920,\"height\":730},{\"@type\":\"BreadcrumbList\",\"@id\":\"https:\\\/\\\/www.socesfar.es\\\/en\\\/junta-directiva-sef\\\/#breadcrumb\",\"itemListElement\":[{\"@type\":\"ListItem\",\"position\":1,\"name\":\"Home\",\"item\":\"https:\\\/\\\/www.socesfar.es\\\/en\\\/\"},{\"@type\":\"ListItem\",\"position\":2,\"name\":\"Junta Directiva SEF\"}]},{\"@type\":\"WebSite\",\"@id\":\"https:\\\/\\\/www.socesfar.es\\\/en\\\/#website\",\"url\":\"https:\\\/\\\/www.socesfar.es\\\/en\\\/\",\"name\":\"Sociedad Espa\u00f1ola de Farmacolog\u00eda\",\"description\":\"\",\"publisher\":{\"@id\":\"https:\\\/\\\/www.socesfar.es\\\/en\\\/#organization\"},\"potentialAction\":[{\"@type\":\"SearchAction\",\"target\":{\"@type\":\"EntryPoint\",\"urlTemplate\":\"https:\\\/\\\/www.socesfar.es\\\/en\\\/?s={search_term_string}\"},\"query-input\":{\"@type\":\"PropertyValueSpecification\",\"valueRequired\":true,\"valueName\":\"search_term_string\"}}],\"inLanguage\":\"en-US\"},{\"@type\":\"Organization\",\"@id\":\"https:\\\/\\\/www.socesfar.es\\\/en\\\/#organization\",\"name\":\"Sociedad Espa\u00f1ola de Farmacolog\u00eda\",\"url\":\"https:\\\/\\\/www.socesfar.es\\\/en\\\/\",\"logo\":{\"@type\":\"ImageObject\",\"inLanguage\":\"en-US\",\"@id\":\"https:\\\/\\\/www.socesfar.es\\\/en\\\/#\\\/schema\\\/logo\\\/image\\\/\",\"url\":\"https:\\\/\\\/www.socesfar.es\\\/wp-content\\\/uploads\\\/2021\\\/07\\\/logo-socesfar-02.png\",\"contentUrl\":\"https:\\\/\\\/www.socesfar.es\\\/wp-content\\\/uploads\\\/2021\\\/07\\\/logo-socesfar-02.png\",\"width\":383,\"height\":63,\"caption\":\"Sociedad Espa\u00f1ola de Farmacolog\u00eda\"},\"image\":{\"@id\":\"https:\\\/\\\/www.socesfar.es\\\/en\\\/#\\\/schema\\\/logo\\\/image\\\/\"},\"sameAs\":[\"https:\\\/\\\/x.com\\\/Socesfar\",\"https:\\\/\\\/www.linkedin.com\\\/company\\\/socesfar\\\/\"]}]}<\/script>\n<!-- \/ Yoast SEO plugin. -->","yoast_head_json":{"title":"Junta Directiva SEF - Sociedad Espa\u00f1ola de Farmacolog\u00eda","robots":{"index":"index","follow":"follow","max-snippet":"max-snippet:-1","max-image-preview":"max-image-preview:large","max-video-preview":"max-video-preview:-1"},"canonical":"https:\/\/www.socesfar.es\/en\/junta-directiva-sef\/","og_locale":"en_US","og_type":"article","og_title":"Junta Directiva SEF - Sociedad Espa\u00f1ola de Farmacolog\u00eda","og_description":"Structure and Organization De acuerdo con sus estatutos, la ASAMBLEA GENERAL es el \u00f3rgano de decisi\u00f3n y expresi\u00f3n de la voluntad colectiva de la Sociedad, y sus acuerdos han de ser cumplidos obligatoriamente por todos los miembros de la SEF.Adem\u00e1s, la Sociedad est\u00e1 dirigida por una JUNTA DIRECTIVA, formada por 8 socios, que se eligen ... Read more","og_url":"https:\/\/www.socesfar.es\/en\/junta-directiva-sef\/","og_site_name":"Sociedad Espa\u00f1ola de Farmacolog\u00eda","article_modified_time":"2025-12-15T10:11:29+00:00","og_image":[{"width":1920,"height":730,"url":"https:\/\/www.socesfar.es\/wp-content\/uploads\/2024\/02\/socesfar-new.jpg","type":"image\/jpeg"}],"twitter_card":"summary_large_image","twitter_site":"@Socesfar","twitter_misc":{"Est. reading time":"4 minutes"},"schema":{"@context":"https:\/\/schema.org","@graph":[{"@type":"WebPage","@id":"https:\/\/www.socesfar.es\/en\/junta-directiva-sef\/","url":"https:\/\/www.socesfar.es\/en\/junta-directiva-sef\/","name":"Junta Directiva SEF - Sociedad Espa\u00f1ola de Farmacolog\u00eda","isPartOf":{"@id":"https:\/\/www.socesfar.es\/en\/#website"},"primaryImageOfPage":{"@id":"https:\/\/www.socesfar.es\/en\/junta-directiva-sef\/#primaryimage"},"image":{"@id":"https:\/\/www.socesfar.es\/en\/junta-directiva-sef\/#primaryimage"},"thumbnailUrl":"https:\/\/www.socesfar.es\/wp-content\/uploads\/2024\/02\/socesfar-new.jpg","datePublished":"2024-04-04T07:01:01+00:00","dateModified":"2025-12-15T10:11:29+00:00","breadcrumb":{"@id":"https:\/\/www.socesfar.es\/en\/junta-directiva-sef\/#breadcrumb"},"inLanguage":"en-US","potentialAction":[{"@type":"ReadAction","target":["https:\/\/www.socesfar.es\/en\/junta-directiva-sef\/"]}]},{"@type":"ImageObject","inLanguage":"en-US","@id":"https:\/\/www.socesfar.es\/en\/junta-directiva-sef\/#primaryimage","url":"https:\/\/www.socesfar.es\/wp-content\/uploads\/2024\/02\/socesfar-new.jpg","contentUrl":"https:\/\/www.socesfar.es\/wp-content\/uploads\/2024\/02\/socesfar-new.jpg","width":1920,"height":730},{"@type":"BreadcrumbList","@id":"https:\/\/www.socesfar.es\/en\/junta-directiva-sef\/#breadcrumb","itemListElement":[{"@type":"ListItem","position":1,"name":"Home","item":"https:\/\/www.socesfar.es\/en\/"},{"@type":"ListItem","position":2,"name":"Junta Directiva SEF"}]},{"@type":"WebSite","@id":"https:\/\/www.socesfar.es\/en\/#website","url":"https:\/\/www.socesfar.es\/en\/","name":"Sociedad Espa\u00f1ola de Farmacolog\u00eda","description":"","publisher":{"@id":"https:\/\/www.socesfar.es\/en\/#organization"},"potentialAction":[{"@type":"SearchAction","target":{"@type":"EntryPoint","urlTemplate":"https:\/\/www.socesfar.es\/en\/?s={search_term_string}"},"query-input":{"@type":"PropertyValueSpecification","valueRequired":true,"valueName":"search_term_string"}}],"inLanguage":"en-US"},{"@type":"Organization","@id":"https:\/\/www.socesfar.es\/en\/#organization","name":"Sociedad Espa\u00f1ola de Farmacolog\u00eda","url":"https:\/\/www.socesfar.es\/en\/","logo":{"@type":"ImageObject","inLanguage":"en-US","@id":"https:\/\/www.socesfar.es\/en\/#\/schema\/logo\/image\/","url":"https:\/\/www.socesfar.es\/wp-content\/uploads\/2021\/07\/logo-socesfar-02.png","contentUrl":"https:\/\/www.socesfar.es\/wp-content\/uploads\/2021\/07\/logo-socesfar-02.png","width":383,"height":63,"caption":"Sociedad Espa\u00f1ola de Farmacolog\u00eda"},"image":{"@id":"https:\/\/www.socesfar.es\/en\/#\/schema\/logo\/image\/"},"sameAs":["https:\/\/x.com\/Socesfar","https:\/\/www.linkedin.com\/company\/socesfar\/"]}]}},"_links":{"self":[{"href":"https:\/\/www.socesfar.es\/en\/wp-json\/wp\/v2\/pages\/6732","targetHints":{"allow":["GET"]}}],"collection":[{"href":"https:\/\/www.socesfar.es\/en\/wp-json\/wp\/v2\/pages"}],"about":[{"href":"https:\/\/www.socesfar.es\/en\/wp-json\/wp\/v2\/types\/page"}],"author":[{"embeddable":true,"href":"https:\/\/www.socesfar.es\/en\/wp-json\/wp\/v2\/users\/2"}],"replies":[{"embeddable":true,"href":"https:\/\/www.socesfar.es\/en\/wp-json\/wp\/v2\/comments?post=6732"}],"version-history":[{"count":6,"href":"https:\/\/www.socesfar.es\/en\/wp-json\/wp\/v2\/pages\/6732\/revisions"}],"predecessor-version":[{"id":9054,"href":"https:\/\/www.socesfar.es\/en\/wp-json\/wp\/v2\/pages\/6732\/revisions\/9054"}],"wp:featuredmedia":[{"embeddable":true,"href":"https:\/\/www.socesfar.es\/en\/wp-json\/wp\/v2\/media\/6260"}],"wp:attachment":[{"href":"https:\/\/www.socesfar.es\/en\/wp-json\/wp\/v2\/media?parent=6732"}],"curies":[{"name":"wp","href":"https:\/\/api.w.org\/{rel}","templated":true}]}}